{"id":4125,"date":"2023-09-12T10:56:39","date_gmt":"2023-09-12T08:56:39","guid":{"rendered":"https:\/\/caminsbalears.org\/transparencia\/"},"modified":"2023-09-18T11:07:10","modified_gmt":"2023-09-18T09:07:10","slug":"transparencia","status":"publish","type":"page","link":"https:\/\/caminsbalears.org\/ca\/transparencia\/","title":{"rendered":"Transpar\u00e8ncia"},"content":{"rendered":"\t\t<div data-elementor-type=\"wp-page\" data-elementor-id=\"4125\" class=\"elementor elementor-4125 elementor-4104\" data-elementor-post-type=\"page\">\n\t\t\t\t\t\t<section class=\"elementor-section elementor-top-section elementor-element elementor-element-5e97fad7 elementor-section-height-min-height elementor-section-boxed elementor-section-height-default elementor-section-items-middle\" data-id=\"5e97fad7\" data-element_type=\"section\" data-settings=\"{&quot;background_background&quot;:&quot;classic&quot;,&quot;shape_divider_bottom&quot;:&quot;pyramids&quot;}\">\n\t\t\t\t\t<div class=\"elementor-shape elementor-shape-bottom\" aria-hidden=\"true\" data-negative=\"false\">\n\t\t\t<svg xmlns=\"http:\/\/www.w3.org\/2000\/svg\" viewBox=\"0 0 1000 100\" preserveAspectRatio=\"none\">\n\t<path class=\"elementor-shape-fill\" d=\"M761.9,44.1L643.1,27.2L333.8,98L0,3.8V0l1000,0v3.9\"\/>\n<\/svg>\t\t<\/div>\n\t\t\t\t\t<div class=\"elementor-container elementor-column-gap-wider\">\n\t\t\t\t\t<div class=\"elementor-column elementor-col-100 elementor-top-column elementor-element elementor-element-14b8ea66\" data-id=\"14b8ea66\" data-element_type=\"column\">\n\t\t\t<div class=\"elementor-widget-wrap elementor-element-populated\">\n\t\t\t\t\t\t<div class=\"elementor-element elementor-element-7d6ac82b elementor-widget__width-auto elementor-view-default elementor-widget elementor-widget-icon\" data-id=\"7d6ac82b\" data-element_type=\"widget\" data-widget_type=\"icon.default\">\n\t\t\t\t<div class=\"elementor-widget-container\">\n\t\t\t\t\t\t\t<div class=\"elementor-icon-wrapper\">\n\t\t\t<div class=\"elementor-icon\">\n\t\t\t<i aria-hidden=\"true\" class=\"fas fa-chevron-right\"><\/i>\t\t\t<\/div>\n\t\t<\/div>\n\t\t\t\t\t\t<\/div>\n\t\t\t\t<\/div>\n\t\t\t\t\t<\/div>\n\t\t<\/div>\n\t\t\t\t\t<\/div>\n\t\t<\/section>\n\t\t\t\t<section class=\"elementor-section elementor-top-section elementor-element elementor-element-221b4f06 elementor-section-boxed elementor-section-height-default elementor-section-height-default\" data-id=\"221b4f06\" data-element_type=\"section\">\n\t\t\t\t\t\t<div class=\"elementor-container elementor-column-gap-wider\">\n\t\t\t\t\t<div class=\"elementor-column elementor-col-50 elementor-top-column elementor-element elementor-element-71f9cd3b\" data-id=\"71f9cd3b\" data-element_type=\"column\">\n\t\t\t<div class=\"elementor-widget-wrap elementor-element-populated\">\n\t\t\t\t\t\t<div class=\"elementor-element elementor-element-59436af elementor-align-center elementor-widget elementor-widget-button\" data-id=\"59436af\" data-element_type=\"widget\" data-widget_type=\"button.default\">\n\t\t\t\t<div class=\"elementor-widget-container\">\n\t\t\t\t\t\t\t\t\t<div class=\"elementor-button-wrapper\">\n\t\t\t\t\t<a class=\"elementor-button elementor-button-link elementor-size-sm\" href=\"https:\/\/www.colegiocaminos.es\/canal-interno-informacion\" target=\"_blank\">\n\t\t\t\t\t\t<span class=\"elementor-button-content-wrapper\">\n\t\t\t\t\t\t\t\t\t<span class=\"elementor-button-text\">CANAL INTERN D'INFORMACI\u00d3<\/span>\n\t\t\t\t\t<\/span>\n\t\t\t\t\t<\/a>\n\t\t\t\t<\/div>\n\t\t\t\t\t\t\t\t<\/div>\n\t\t\t\t<\/div>\n\t\t\t\t<div class=\"elementor-element elementor-element-d800fa4 elementor-align-center elementor-widget elementor-widget-button\" data-id=\"d800fa4\" data-element_type=\"widget\" data-widget_type=\"button.default\">\n\t\t\t\t<div class=\"elementor-widget-container\">\n\t\t\t\t\t\t\t\t\t<div class=\"elementor-button-wrapper\">\n\t\t\t\t\t<a class=\"elementor-button elementor-button-link elementor-size-sm\" href=\"http:\/\/caminsbalears.org\/wp-content\/uploads\/2023\/09\/Politica-del-Sistema-Interno-de-Informacion.pdf\" target=\"_blank\">\n\t\t\t\t\t\t<span class=\"elementor-button-content-wrapper\">\n\t\t\t\t\t\t\t\t\t<span class=\"elementor-button-text\">POL\u00cdTICA DEL SISTEMA INTERN D'INFORMACI\u00d3<\/span>\n\t\t\t\t\t<\/span>\n\t\t\t\t\t<\/a>\n\t\t\t\t<\/div>\n\t\t\t\t\t\t\t\t<\/div>\n\t\t\t\t<\/div>\n\t\t\t\t<div class=\"elementor-element elementor-element-9fdcfe3 elementor-align-center elementor-widget elementor-widget-button\" data-id=\"9fdcfe3\" data-element_type=\"widget\" data-widget_type=\"button.default\">\n\t\t\t\t<div class=\"elementor-widget-container\">\n\t\t\t\t\t\t\t\t\t<div class=\"elementor-button-wrapper\">\n\t\t\t\t\t<a class=\"elementor-button elementor-button-link elementor-size-sm\" href=\"http:\/\/caminsbalears.org\/wp-content\/uploads\/2023\/09\/Procedimiento-de-Gestion-de-las-Informaciones-del-Sistema-Interno-de-In.pdf\" target=\"_blank\">\n\t\t\t\t\t\t<span class=\"elementor-button-content-wrapper\">\n\t\t\t\t\t\t\t\t\t<span class=\"elementor-button-text\">PROCEDIMENT DE GESTI\u00d3 DE LES INFORMACIONS REBUDADES EN EL SISTEMA INTERN D'INFORMACI\u00d3<\/span>\n\t\t\t\t\t<\/span>\n\t\t\t\t\t<\/a>\n\t\t\t\t<\/div>\n\t\t\t\t\t\t\t\t<\/div>\n\t\t\t\t<\/div>\n\t\t\t\t\t<\/div>\n\t\t<\/div>\n\t\t\t\t<div class=\"elementor-column elementor-col-50 elementor-top-column elementor-element elementor-element-2e9930eb\" data-id=\"2e9930eb\" data-element_type=\"column\">\n\t\t\t<div class=\"elementor-widget-wrap elementor-element-populated\">\n\t\t\t\t\t\t<div class=\"elementor-element elementor-element-117a98c9 elementor-invisible elementor-widget elementor-widget-heading\" data-id=\"117a98c9\" data-element_type=\"widget\" data-settings=\"{&quot;_animation&quot;:&quot;fadeInUp&quot;,&quot;_animation_delay&quot;:&quot;40&quot;}\" data-widget_type=\"heading.default\">\n\t\t\t\t<div class=\"elementor-widget-container\">\n\t\t\t\t\t<div class=\"elementor-heading-title elementor-size-default\">Transpar\u00e8ncia\n<\/div>\t\t\t\t<\/div>\n\t\t\t\t<\/div>\n\t\t\t\t<div class=\"elementor-element elementor-element-5fcb6a1 elementor-widget elementor-widget-text-editor\" data-id=\"5fcb6a1\" data-element_type=\"widget\" data-widget_type=\"text-editor.default\">\n\t\t\t\t<div class=\"elementor-widget-container\">\n\t\t\t\t\t\t\t\t\t<p>El Col\u00b7legi \u00e9s una entitat compromesa amb el compliment de la legalitat i la normativa que resulti d&#8217;aplicaci\u00f3. \u00c9s per aix\u00f2 que s&#8217;ha procedit a implantar una Pol\u00edtica del Sistema Intern d&#8217;Informaci\u00f3 aix\u00ed com el Procediment de Gesti\u00f3 d&#8217;Informacions del Sistema Intern d&#8217;Informaci\u00f3, per complir amb la Llei 2\/ 2023 reguladora de la protecci\u00f3 de les persones que informin sobre infraccions normatives i de lluita contra la corrupci\u00f3. S&#8217;adjunten ambd\u00f3s documents i ja estan disponibles a la p\u00e0gina web del Col\u00b7legi.<\/p>\n<p>L&#8217;\u00e0mbit de la present Pol\u00edtica \u00e9s d&#8217;aplicaci\u00f3 al Col\u00b7legi d&#8217;Enginyers de Camins, Canals i Ports en el seu conjunt, \u00e9s a dir, a tots els seus centres directius, Seu Central i Demarcacions.<\/p>\n<p>L&#8217;\u00e0mbit material i personal d&#8217;aplicaci\u00f3 \u00e9s el previst a la Llei 2\/2023, del 20 de febrer, reguladora de la protecci\u00f3 de les persones que informin sobre infraccions normatives i de lluita contra la corrupci\u00f3.<\/p>\n<p><em>\u201cArticle 2. \u00c0mbit material d&#8217;aplicaci\u00f3.<\/em><\/p>\n<p><em>1. La present llei protegeix a les persones f\u00edsiques que informin, a trav\u00e9s d&#8217;alguns dels procediments previstos en ella de:<\/em><\/p>\n<p><em>a) Qualsevol acci\u00f3 o omissi\u00f3 que puguin constituir infraccions del Dret de la Uni\u00f3 Europea sempre que:<\/em><\/p>\n<p><em>1.\u00ba Entrin dins de l&#8217;\u00e0mbit d&#8217;aplicaci\u00f3 dels actes de la Uni\u00f3 Europea enumerats a l&#8217;annex de la Directiva (UE) 2019\/1937 del Parlament Europeu i del Consell, del 23 d&#8217;octubre de 2019, relativa a la protecci\u00f3 de les persones que informin sobre infraccions del Dret de la Uni\u00f3, amb independ\u00e8ncia de la qualificaci\u00f3 que de les mateixes realitzi l&#8217;ordenament jur\u00eddic intern;<\/em><\/p>\n<p><em>2.\u00ba Afectin als interessos financers de la Uni\u00f3 Europea tal com es contempla a l&#8217;article 325 del Tractat de Funcionament de la Uni\u00f3 Europea (TFUE);<\/em><\/p>\n<p><em>o 3.\u00ba Incideixin en el mercat interior, tal com es contempla a l&#8217;article 26, apartat 2 del TFUE, incloses les infraccions de les normes de la Uni\u00f3 Europea en mat\u00e8ria de compet\u00e8ncia i ajudes atorgades pels Estats, aix\u00ed com les infraccions relatives al mercat interior en relaci\u00f3 amb els actes que infringixin les normes de l&#8217;impost sobre societats o amb pr\u00e0ctiques que tinguin per finalitat obtenir un avantatge fiscal que desvirtu\u00ef l&#8217;objecte o la finalitat de la legislaci\u00f3 aplicable a l&#8217;impost sobre societats.<\/em><\/p>\n<p><em>b) Accions o omissions que puguin ser <span style=\"text-decoration: underline;\"><strong>constitutives d&#8217;infracci\u00f3 penal o administrativa greu o molt greu<\/strong><\/span>. En tot cas, s&#8217;entendran compreses totes aquelles infraccions penals o administratives greus o molt greus que impliquin quebrant econ\u00f2mic per a la Hisenda P\u00fablica i per a la Seguretat Social.<\/em><\/p>\n<p><em>2. Aquesta protecci\u00f3 no exclour\u00e0 l&#8217;aplicaci\u00f3 de les normes relatives al proc\u00e9s penal, incloent les dilig\u00e8ncies d&#8217;investigaci\u00f3.<\/em><\/p>\n<p><em>3. La protecci\u00f3 prevista en aquesta llei per a les persones treballadores que informin sobre infraccions del Dret laboral en mat\u00e8ria de seguretat i salut en el treball, s&#8217;ent\u00e9n sense perjudici de l&#8217;establerta en la seva normativa espec\u00edfica.<\/em><\/p>\n<p><em>4.La protecci\u00f3 prevista en aquesta llei no ser\u00e0 d&#8217;aplicaci\u00f3 a les informacions que afectin a la informaci\u00f3 classificada. Tampoc afectar\u00e0 a les obligacions que resulten de la protecci\u00f3 del secret professional dels professionals de la medicina i de l&#8217;advocacia, del deure de confidencialitat de les Forces i Cossos de Seguretat en l&#8217;\u00e0mbit de les seves actuacions, aix\u00ed com del secret de les deliberacions judicials.<\/em><\/p>\n<p><em>5. No s&#8217;aplicaran les previsions d&#8217;aquesta llei a les informacions relatives a infraccions en la tramitaci\u00f3 de procediments de contractaci\u00f3 que continguin informaci\u00f3 classificada o que hagin estat declarats secrets o reservats, o aquells la execuci\u00f3 dels quals hagi d&#8217;anar acompanyada de mesures de seguretat especials d&#8217;acord amb la legislaci\u00f3 vigent, o en els que ho exigeixi la protecci\u00f3 d&#8217;interessos essencials per a la seguretat de l&#8217;Estat.<\/em><\/p>\n<p><em>6. En el sup\u00f2sit d&#8217;informaci\u00f3 o revelaci\u00f3 p\u00fablica d&#8217;alguna de les infraccions a les que es refereix la part II de l&#8217;annex de la Directiva (UE) 2019\/1937 del Parlament Europeu i del Consell, del 23 d&#8217;octubre de 2019, resultar\u00e0 d&#8217;aplicaci\u00f3 la normativa espec\u00edfica sobre comunicaci\u00f3 d&#8217;infraccions en aquestes mat\u00e8ries.\u201d<\/em><\/p>\n<p><strong>El Sistema i el Canal Intern d&#8217;Informaci\u00f3 (<a href=\"https:\/\/www.colegiocaminos.es\/canal-interno-informacion-2\" target=\"_blank\" rel=\"noopener\">https:\/\/www.colegiocaminos.es\/canal-interno-informacion-2)<\/a> es circumscriu a tals \u00e0mbits i aspectes.<\/strong>. Aquest Canal no substitueix a altres sistemes o canals previstos en el Reglament de Compliment Normatiu del Col\u00b7legi, <a href=\"https:\/\/www.colegiocaminos.es\/cumplimiento-normativo-canal-denuncias\" target=\"_blank\" rel=\"noopener\">https:\/\/www.colegiocaminos.es\/cumplimiento-normativo-canal-denuncias<\/a>, que \u00e9s el propi per als possibles incompliments estatutaris i reglamentaris del Col\u00b7legi, aix\u00ed com als previstos per a la den\u00fancia deontol\u00f2gica.<\/p>\n\t\t\t\t\t\t\t\t<\/div>\n\t\t\t\t<\/div>\n\t\t\t\t\t<\/div>\n\t\t<\/div>\n\t\t\t\t\t<\/div>\n\t\t<\/section>\n\t\t\t\t<\/div>\n\t\t","protected":false},"excerpt":{"rendered":"<p>CANAL INTERN D&#8217;INFORMACI\u00d3 POL\u00cdTICA DEL SISTEMA INTERN D&#8217;INFORMACI\u00d3 PROCEDIMENT DE GESTI\u00d3 DE LES INFORMACIONS REBUDADES EN EL SISTEMA INTERN D&#8217;INFORMACI\u00d3 Transpar\u00e8ncia El Col\u00b7legi \u00e9s una entitat compromesa amb el compliment de la legalitat i la normativa que resulti d&#8217;aplicaci\u00f3. \u00c9s per aix\u00f2 que s&#8217;ha procedit a implantar una Pol\u00edtica del Sistema Intern d&#8217;Informaci\u00f3 aix\u00ed com [&hellip;]<\/p>\n","protected":false},"author":1,"featured_media":0,"parent":0,"menu_order":0,"comment_status":"closed","ping_status":"closed","template":"elementor_header_footer","meta":{"footnotes":""},"class_list":["post-4125","page","type-page","status-publish","hentry"],"_links":{"self":[{"href":"https:\/\/caminsbalears.org\/ca\/wp-json\/wp\/v2\/pages\/4125","targetHints":{"allow":["GET"]}}],"collection":[{"href":"https:\/\/caminsbalears.org\/ca\/wp-json\/wp\/v2\/pages"}],"about":[{"href":"https:\/\/caminsbalears.org\/ca\/wp-json\/wp\/v2\/types\/page"}],"author":[{"embeddable":true,"href":"https:\/\/caminsbalears.org\/ca\/wp-json\/wp\/v2\/users\/1"}],"replies":[{"embeddable":true,"href":"https:\/\/caminsbalears.org\/ca\/wp-json\/wp\/v2\/comments?post=4125"}],"version-history":[{"count":1,"href":"https:\/\/caminsbalears.org\/ca\/wp-json\/wp\/v2\/pages\/4125\/revisions"}],"predecessor-version":[{"id":4126,"href":"https:\/\/caminsbalears.org\/ca\/wp-json\/wp\/v2\/pages\/4125\/revisions\/4126"}],"wp:attachment":[{"href":"https:\/\/caminsbalears.org\/ca\/wp-json\/wp\/v2\/media?parent=4125"}],"curies":[{"name":"wp","href":"https:\/\/api.w.org\/{rel}","templated":true}]}}