{"id":3373,"date":"2023-02-20T09:36:39","date_gmt":"2023-02-20T09:36:39","guid":{"rendered":"http:\/\/caminsbalears.org\/perits-judicials\/"},"modified":"2023-03-06T11:32:10","modified_gmt":"2023-03-06T11:32:10","slug":"perits-judicials","status":"publish","type":"page","link":"https:\/\/caminsbalears.org\/ca\/perits-judicials\/","title":{"rendered":"Perits Judicials"},"content":{"rendered":"\t\t<div data-elementor-type=\"wp-page\" data-elementor-id=\"3373\" class=\"elementor elementor-3373 elementor-2573\" data-elementor-post-type=\"page\">\n\t\t\t\t\t\t<section class=\"elementor-section elementor-top-section elementor-element elementor-element-5601b900 elementor-section-height-min-height elementor-section-boxed elementor-section-height-default elementor-section-items-middle\" data-id=\"5601b900\" data-element_type=\"section\" data-settings=\"{&quot;background_background&quot;:&quot;classic&quot;,&quot;shape_divider_bottom&quot;:&quot;pyramids&quot;}\">\n\t\t\t\t\t<div class=\"elementor-shape elementor-shape-bottom\" aria-hidden=\"true\" data-negative=\"false\">\n\t\t\t<svg xmlns=\"http:\/\/www.w3.org\/2000\/svg\" viewBox=\"0 0 1000 100\" preserveAspectRatio=\"none\">\n\t<path class=\"elementor-shape-fill\" d=\"M761.9,44.1L643.1,27.2L333.8,98L0,3.8V0l1000,0v3.9\"\/>\n<\/svg>\t\t<\/div>\n\t\t\t\t\t<div class=\"elementor-container elementor-column-gap-wider\">\n\t\t\t\t\t<div class=\"elementor-column elementor-col-100 elementor-top-column elementor-element elementor-element-3c31351e\" data-id=\"3c31351e\" data-element_type=\"column\">\n\t\t\t<div class=\"elementor-widget-wrap elementor-element-populated\">\n\t\t\t\t\t\t<div class=\"elementor-element elementor-element-55741a0a elementor-widget__width-auto elementor-view-default elementor-widget elementor-widget-icon\" data-id=\"55741a0a\" data-element_type=\"widget\" data-widget_type=\"icon.default\">\n\t\t\t\t<div class=\"elementor-widget-container\">\n\t\t\t\t\t\t\t<div class=\"elementor-icon-wrapper\">\n\t\t\t<div class=\"elementor-icon\">\n\t\t\t<i aria-hidden=\"true\" class=\"fas fa-chevron-right\"><\/i>\t\t\t<\/div>\n\t\t<\/div>\n\t\t\t\t\t\t<\/div>\n\t\t\t\t<\/div>\n\t\t\t\t\t<\/div>\n\t\t<\/div>\n\t\t\t\t\t<\/div>\n\t\t<\/section>\n\t\t\t\t<section class=\"elementor-section elementor-top-section elementor-element elementor-element-653c653b elementor-section-boxed elementor-section-height-default elementor-section-height-default\" data-id=\"653c653b\" data-element_type=\"section\">\n\t\t\t\t\t\t<div class=\"elementor-container elementor-column-gap-wider\">\n\t\t\t\t\t<div class=\"elementor-column elementor-col-50 elementor-top-column elementor-element elementor-element-7c71f2e\" data-id=\"7c71f2e\" data-element_type=\"column\">\n\t\t\t<div class=\"elementor-widget-wrap elementor-element-populated\">\n\t\t\t\t\t\t<div class=\"elementor-element elementor-element-3be68412 elementor-align-start elementor-icon-list--layout-traditional elementor-list-item-link-full_width elementor-widget elementor-widget-icon-list\" data-id=\"3be68412\" data-element_type=\"widget\" data-widget_type=\"icon-list.default\">\n\t\t\t\t<div class=\"elementor-widget-container\">\n\t\t\t\t\t\t\t<ul class=\"elementor-icon-list-items\">\n\t\t\t\t\t\t\t<li class=\"elementor-icon-list-item\">\n\t\t\t\t\t\t\t\t\t\t\t<a href=\"\/mediacion\">\n\n\t\t\t\t\t\t\t\t\t\t\t<span class=\"elementor-icon-list-text\">MEDIACI\u00d3<\/span>\n\t\t\t\t\t\t\t\t\t\t\t<\/a>\n\t\t\t\t\t\t\t\t\t<\/li>\n\t\t\t\t\t\t\t\t<li class=\"elementor-icon-list-item\">\n\t\t\t\t\t\t\t\t\t\t\t<a href=\"http:\/\/caminsbalears.org\/ca\/certificats\/\">\n\n\t\t\t\t\t\t\t\t\t\t\t<span class=\"elementor-icon-list-text\">CERTIFICATS<\/span>\n\t\t\t\t\t\t\t\t\t\t\t<\/a>\n\t\t\t\t\t\t\t\t\t<\/li>\n\t\t\t\t\t\t\t\t<li class=\"elementor-icon-list-item\">\n\t\t\t\t\t\t\t\t\t\t\t<a href=\"http:\/\/caminsbalears.org\/ca\/assessoria-juridica\/\">\n\n\t\t\t\t\t\t\t\t\t\t\t<span class=\"elementor-icon-list-text\">ASSESSOR\u00cdA JURIDICA<\/span>\n\t\t\t\t\t\t\t\t\t\t\t<\/a>\n\t\t\t\t\t\t\t\t\t<\/li>\n\t\t\t\t\t\t\t\t<li class=\"elementor-icon-list-item\">\n\t\t\t\t\t\t\t\t\t\t\t<a href=\"http:\/\/caminsbalears.org\/ca\/perits-judicials\/\" target=\"_blank\">\n\n\t\t\t\t\t\t\t\t\t\t\t\t<span class=\"elementor-icon-list-icon\">\n\t\t\t\t\t\t\t<i aria-hidden=\"true\" class=\"far fa-check-square\"><\/i>\t\t\t\t\t\t<\/span>\n\t\t\t\t\t\t\t\t\t\t<span class=\"elementor-icon-list-text\">PERITS JUDICIALS<\/span>\n\t\t\t\t\t\t\t\t\t\t\t<\/a>\n\t\t\t\t\t\t\t\t\t<\/li>\n\t\t\t\t\t\t\t\t<li class=\"elementor-icon-list-item\">\n\t\t\t\t\t\t\t\t\t\t\t<a href=\"http:\/\/caminsbalears.org\/ca\/biblioteca\/\" target=\"_blank\">\n\n\t\t\t\t\t\t\t\t\t\t\t<span class=\"elementor-icon-list-text\">BIBLIOTECA<\/span>\n\t\t\t\t\t\t\t\t\t\t\t<\/a>\n\t\t\t\t\t\t\t\t\t<\/li>\n\t\t\t\t\t\t\t\t<li class=\"elementor-icon-list-item\">\n\t\t\t\t\t\t\t\t\t\t<span class=\"elementor-icon-list-text\"><\/span>\n\t\t\t\t\t\t\t\t\t<\/li>\n\t\t\t\t\t\t<\/ul>\n\t\t\t\t\t\t<\/div>\n\t\t\t\t<\/div>\n\t\t\t\t\t<\/div>\n\t\t<\/div>\n\t\t\t\t<div class=\"elementor-column elementor-col-50 elementor-top-column elementor-element elementor-element-592ab7da\" data-id=\"592ab7da\" data-element_type=\"column\">\n\t\t\t<div class=\"elementor-widget-wrap elementor-element-populated\">\n\t\t\t\t\t\t<div class=\"elementor-element elementor-element-6ba439b elementor-widget elementor-widget-heading\" data-id=\"6ba439b\" data-element_type=\"widget\" data-widget_type=\"heading.default\">\n\t\t\t\t<div class=\"elementor-widget-container\">\n\t\t\t\t\t<h5 class=\"elementor-heading-title elementor-size-default\">PERITS JUDICIALS\n\n<\/h5>\t\t\t\t<\/div>\n\t\t\t\t<\/div>\n\t\t\t\t<div class=\"elementor-element elementor-element-888d234 elementor-invisible elementor-widget elementor-widget-heading\" data-id=\"888d234\" data-element_type=\"widget\" data-settings=\"{&quot;_animation&quot;:&quot;fadeInUp&quot;,&quot;_animation_delay&quot;:&quot;40&quot;}\" data-widget_type=\"heading.default\">\n\t\t\t\t<div class=\"elementor-widget-container\">\n\t\t\t\t\t<div class=\"elementor-heading-title elementor-size-default\">Bases Perits judicials\n<\/div>\t\t\t\t<\/div>\n\t\t\t\t<\/div>\n\t\t\t\t<div class=\"elementor-element elementor-element-532e5aa1 elementor-widget elementor-widget-text-editor\" data-id=\"532e5aa1\" data-element_type=\"widget\" data-widget_type=\"text-editor.default\">\n\t\t\t\t<div class=\"elementor-widget-container\">\n\t\t\t\t\t\t\t\t\t<p>La Mesa del Consell General celebrada el 3 d\u2019octubre de 2012 va acordar proposar al Consell General que el Grup de Treball del Consell de Normativa i Estatuts elabor\u00e9s unes normes comunes de car\u00e0cter general sobre l\u2019elaboraci\u00f3 de les llistes de perits, avaluant els criteris de la Comissi\u00f3 Nacional de la Compet\u00e8ncia sobre aquesta mat\u00e8ria.<\/p>\n<p>Tal recomanaci\u00f3 es va traslladar al Consell General en la seva sessi\u00f3 de 10 d\u2019octubre del 2012.<\/p>\n<p>La Junta de Govern en la sessi\u00f3 de 30 d\u2019octubre de 2012 ha acordat deixar sense efecte les Bases per a la Col\u00b7laboraci\u00f3 del Col\u00b7legi amb l\u2019Administraci\u00f3 de Just\u00edcia en el Nomenament de Col\u00b7legiats com Perits Judicials aprovades per la Junta de Govern del Col\u00b7legi en sessi\u00f3 celebrada el dia 21 d\u2019octubre de 1998 i modificades en les Juntes de Govern de 18 d\u2019octubre de 2004, i 20 de juny de 2011 i admetre provisionalment en la llista de p\u00e8rits judicials a tots els col\u00b7legiats que sol\u00b7licitin la seva inclusi\u00f3 i es trobin en el ple exercici dels drets col\u00b7legials.<\/p>\n<p>El 5 de mar\u00e7 de 2014 el Consell General en la seva reuni\u00f3 del 5 de mar\u00e7 va aprovar les: <a class=\"ampliar\" href=\"http:\/\/www3.ciccp.es\/wp-content\/uploads\/2017\/05\/Reglamento_de_Peritos_corregido.pdf\" target=\"_blank\" rel=\"noopener\">Normes Generals sobre el Registre de Perits Enginyers de Camins, Canals i Ports<\/a><\/p>\n\t\t\t\t\t\t\t\t<\/div>\n\t\t\t\t<\/div>\n\t\t\t\t<div class=\"elementor-element elementor-element-552c5693 elementor-invisible elementor-widget elementor-widget-heading\" data-id=\"552c5693\" data-element_type=\"widget\" data-settings=\"{&quot;_animation&quot;:&quot;fadeInUp&quot;,&quot;_animation_delay&quot;:&quot;40&quot;}\" data-widget_type=\"heading.default\">\n\t\t\t\t<div class=\"elementor-widget-container\">\n\t\t\t\t\t<div class=\"elementor-heading-title elementor-size-default\">Llistat Perits judicials<\/div>\t\t\t\t<\/div>\n\t\t\t\t<\/div>\n\t\t\t\t<div class=\"elementor-element elementor-element-71c2a60f elementor-widget elementor-widget-text-editor\" data-id=\"71c2a60f\" data-element_type=\"widget\" data-widget_type=\"text-editor.default\">\n\t\t\t\t<div class=\"elementor-widget-container\">\n\t\t\t\t\t\t\t\t\t<p>El Col\u00b7legi d\u2019Enginyers de Camins, Canals i Ports disposa d\u2019un Registre de Perits Enginyers de Camins, Canals i Ports, en el qual s\u2019inscriuran els col\u00b7legiats i les societats professionals, inscrites en el Registre de Societats Professionals del Col\u00b7legi, que volunt\u00e0riament vulguin exercir la per\u00edcia en els \u00e0mbits propis de l\u2019Enginyeria de Camins, Canals i Ports, per la seva designaci\u00f3 pels jutjats i tribunals.<\/p>\n<p><i>Per a m\u00e9s informaci\u00f3 sobre el funcionament d\u2019aquest servei o desitja contactar amb algun professional, pot enviar-nos un correu electr\u00f2nic a l\u2019adre\u00e7a <a href=\"mailto:baleares@ciccp.es\" target=\"_blank\" rel=\"noopener noreferrer\">baleares@ciccp.es<\/a><\/i><\/p>\n\t\t\t\t\t\t\t\t<\/div>\n\t\t\t\t<\/div>\n\t\t\t\t<div class=\"elementor-element elementor-element-dbd4180 elementor-widget elementor-widget-heading\" data-id=\"dbd4180\" data-element_type=\"widget\" data-widget_type=\"heading.default\">\n\t\t\t\t<div class=\"elementor-widget-container\">\n\t\t\t\t\t<h5 class=\"elementor-heading-title elementor-size-default\">Desc\u00e0rrega de formulari de sol\u00b7licitud:\n<\/h5>\t\t\t\t<\/div>\n\t\t\t\t<\/div>\n\t\t\t\t<section class=\"elementor-section elementor-inner-section elementor-element elementor-element-7eed707 elementor-section-boxed elementor-section-height-default elementor-section-height-default\" data-id=\"7eed707\" data-element_type=\"section\">\n\t\t\t\t\t\t<div class=\"elementor-container elementor-column-gap-default\">\n\t\t\t\t\t<div class=\"elementor-column elementor-col-50 elementor-inner-column elementor-element elementor-element-b975b26\" data-id=\"b975b26\" data-element_type=\"column\">\n\t\t\t<div class=\"elementor-widget-wrap elementor-element-populated\">\n\t\t\t\t\t\t<div class=\"elementor-element elementor-element-a0df0d2 elementor-align-center elementor-widget elementor-widget-button\" data-id=\"a0df0d2\" data-element_type=\"widget\" data-widget_type=\"button.default\">\n\t\t\t\t<div class=\"elementor-widget-container\">\n\t\t\t\t\t\t\t\t\t<div class=\"elementor-button-wrapper\">\n\t\t\t\t\t<a class=\"elementor-button elementor-button-link elementor-size-md\" href=\"http:\/\/caminsbalears.org\/wp-content\/uploads\/2019\/07\/Ficha_inscripcion_peritos_colegiado_.pdf\">\n\t\t\t\t\t\t<span class=\"elementor-button-content-wrapper\">\n\t\t\t\t\t\t<span class=\"elementor-button-icon\">\n\t\t\t\t<i aria-hidden=\"true\" class=\"fas fa-download\"><\/i>\t\t\t<\/span>\n\t\t\t\t\t\t\t\t\t<span class=\"elementor-button-text\"> SOL\u00b7LICITUD PER A LA INCLUSI\u00d3 EN EL REGISTRE DE PERITS ENGINYERS DE CAMINS, CANALS I PORTS [Colegiado individual] [Colegiado individual]<\/span>\n\t\t\t\t\t<\/span>\n\t\t\t\t\t<\/a>\n\t\t\t\t<\/div>\n\t\t\t\t\t\t\t\t<\/div>\n\t\t\t\t<\/div>\n\t\t\t\t\t<\/div>\n\t\t<\/div>\n\t\t\t\t<div class=\"elementor-column elementor-col-50 elementor-inner-column elementor-element elementor-element-9dd487d\" data-id=\"9dd487d\" data-element_type=\"column\">\n\t\t\t<div class=\"elementor-widget-wrap elementor-element-populated\">\n\t\t\t\t\t\t<div class=\"elementor-element elementor-element-8789e31 elementor-align-center elementor-widget elementor-widget-button\" data-id=\"8789e31\" data-element_type=\"widget\" data-widget_type=\"button.default\">\n\t\t\t\t<div class=\"elementor-widget-container\">\n\t\t\t\t\t\t\t\t\t<div class=\"elementor-button-wrapper\">\n\t\t\t\t\t<a class=\"elementor-button elementor-button-link elementor-size-md\" href=\"http:\/\/caminsbalears.org\/wp-content\/uploads\/2019\/07\/Ficha_inscripcion_peritos_sociedad_profesional_.pdf\">\n\t\t\t\t\t\t<span class=\"elementor-button-content-wrapper\">\n\t\t\t\t\t\t<span class=\"elementor-button-icon\">\n\t\t\t\t<i aria-hidden=\"true\" class=\"fas fa-download\"><\/i>\t\t\t<\/span>\n\t\t\t\t\t\t\t\t\t<span class=\"elementor-button-text\"> SOL\u00b7LICITUD PER A LA INCLUSI\u00d3 EN EL REGISTRE DE PERITS ENGINYERS DE CAMINS, CANALS I PORTS [Societat Professional] [Sociedad Profesional]<\/span>\n\t\t\t\t\t<\/span>\n\t\t\t\t\t<\/a>\n\t\t\t\t<\/div>\n\t\t\t\t\t\t\t\t<\/div>\n\t\t\t\t<\/div>\n\t\t\t\t\t<\/div>\n\t\t<\/div>\n\t\t\t\t\t<\/div>\n\t\t<\/section>\n\t\t\t\t\t<\/div>\n\t\t<\/div>\n\t\t\t\t\t<\/div>\n\t\t<\/section>\n\t\t\t\t<\/div>\n\t\t","protected":false},"excerpt":{"rendered":"<p>MEDIACI\u00d3 CERTIFICATS ASSESSOR\u00cdA JURIDICA PERITS JUDICIALS BIBLIOTECA PERITS JUDICIALS Bases Perits judicials La Mesa del Consell General celebrada el 3 d\u2019octubre de 2012 va acordar proposar al Consell General que el Grup de Treball del Consell de Normativa i Estatuts elabor\u00e9s unes normes comunes de car\u00e0cter general sobre l\u2019elaboraci\u00f3 de les llistes de perits, avaluant [&hellip;]<\/p>\n","protected":false},"author":1,"featured_media":0,"parent":0,"menu_order":0,"comment_status":"closed","ping_status":"closed","template":"elementor_header_footer","meta":{"footnotes":""},"class_list":["post-3373","page","type-page","status-publish","hentry"],"_links":{"self":[{"href":"https:\/\/caminsbalears.org\/ca\/wp-json\/wp\/v2\/pages\/3373","targetHints":{"allow":["GET"]}}],"collection":[{"href":"https:\/\/caminsbalears.org\/ca\/wp-json\/wp\/v2\/pages"}],"about":[{"href":"https:\/\/caminsbalears.org\/ca\/wp-json\/wp\/v2\/types\/page"}],"author":[{"embeddable":true,"href":"https:\/\/caminsbalears.org\/ca\/wp-json\/wp\/v2\/users\/1"}],"replies":[{"embeddable":true,"href":"https:\/\/caminsbalears.org\/ca\/wp-json\/wp\/v2\/comments?post=3373"}],"version-history":[{"count":3,"href":"https:\/\/caminsbalears.org\/ca\/wp-json\/wp\/v2\/pages\/3373\/revisions"}],"predecessor-version":[{"id":3376,"href":"https:\/\/caminsbalears.org\/ca\/wp-json\/wp\/v2\/pages\/3373\/revisions\/3376"}],"wp:attachment":[{"href":"https:\/\/caminsbalears.org\/ca\/wp-json\/wp\/v2\/media?parent=3373"}],"curies":[{"name":"wp","href":"https:\/\/api.w.org\/{rel}","templated":true}]}}