{"id":3369,"date":"2023-02-17T12:33:04","date_gmt":"2023-02-17T11:33:04","guid":{"rendered":"http:\/\/caminsbalears.org\/junta-rectora\/"},"modified":"2024-09-20T13:00:24","modified_gmt":"2024-09-20T11:00:24","slug":"junta-rectora","status":"publish","type":"page","link":"https:\/\/caminsbalears.org\/ca\/junta-rectora\/","title":{"rendered":"Junta rectora"},"content":{"rendered":"\t\t<div data-elementor-type=\"wp-page\" data-elementor-id=\"3369\" class=\"elementor elementor-3369 elementor-2536\" data-elementor-post-type=\"page\">\n\t\t\t\t\t\t<section class=\"elementor-section elementor-top-section elementor-element elementor-element-6fbbd48c elementor-section-height-min-height elementor-section-boxed elementor-section-height-default elementor-section-items-middle\" data-id=\"6fbbd48c\" data-element_type=\"section\" data-settings=\"{&quot;background_background&quot;:&quot;classic&quot;,&quot;shape_divider_bottom&quot;:&quot;pyramids&quot;}\">\n\t\t\t\t\t<div class=\"elementor-shape elementor-shape-bottom\" aria-hidden=\"true\" data-negative=\"false\">\n\t\t\t<svg xmlns=\"http:\/\/www.w3.org\/2000\/svg\" viewBox=\"0 0 1000 100\" preserveAspectRatio=\"none\">\n\t<path class=\"elementor-shape-fill\" d=\"M761.9,44.1L643.1,27.2L333.8,98L0,3.8V0l1000,0v3.9\"\/>\n<\/svg>\t\t<\/div>\n\t\t\t\t\t<div class=\"elementor-container elementor-column-gap-wider\">\n\t\t\t\t\t<div class=\"elementor-column elementor-col-100 elementor-top-column elementor-element elementor-element-4b12698e\" data-id=\"4b12698e\" data-element_type=\"column\">\n\t\t\t<div class=\"elementor-widget-wrap elementor-element-populated\">\n\t\t\t\t\t\t<div class=\"elementor-element elementor-element-7280735f elementor-widget__width-auto elementor-view-default elementor-widget elementor-widget-icon\" data-id=\"7280735f\" data-element_type=\"widget\" data-widget_type=\"icon.default\">\n\t\t\t\t<div class=\"elementor-widget-container\">\n\t\t\t\t\t\t\t<div class=\"elementor-icon-wrapper\">\n\t\t\t<div class=\"elementor-icon\">\n\t\t\t<i aria-hidden=\"true\" class=\"fas fa-chevron-right\"><\/i>\t\t\t<\/div>\n\t\t<\/div>\n\t\t\t\t\t\t<\/div>\n\t\t\t\t<\/div>\n\t\t\t\t\t<\/div>\n\t\t<\/div>\n\t\t\t\t\t<\/div>\n\t\t<\/section>\n\t\t\t\t<section class=\"elementor-section elementor-top-section elementor-element elementor-element-4b376797 elementor-section-boxed elementor-section-height-default elementor-section-height-default\" data-id=\"4b376797\" data-element_type=\"section\">\n\t\t\t\t\t\t<div class=\"elementor-container elementor-column-gap-wider\">\n\t\t\t\t\t<div class=\"elementor-column elementor-col-50 elementor-top-column elementor-element elementor-element-740c219c\" data-id=\"740c219c\" data-element_type=\"column\">\n\t\t\t<div class=\"elementor-widget-wrap elementor-element-populated\">\n\t\t\t\t\t\t<div class=\"elementor-element elementor-element-34337cb4 elementor-align-start elementor-icon-list--layout-traditional elementor-list-item-link-full_width elementor-widget elementor-widget-icon-list\" data-id=\"34337cb4\" data-element_type=\"widget\" data-widget_type=\"icon-list.default\">\n\t\t\t\t<div class=\"elementor-widget-container\">\n\t\t\t\t\t\t\t<ul class=\"elementor-icon-list-items\">\n\t\t\t\t\t\t\t<li class=\"elementor-icon-list-item\">\n\t\t\t\t\t\t\t\t\t\t\t<a href=\"https:\/\/caminsbalears.org\/ca\/historia-de-la-demarcacio\/\">\n\n\t\t\t\t\t\t\t\t\t\t\t<span class=\"elementor-icon-list-text\">HIST\u00d2RIA DE LA DEMARCACI\u00d3<\/span>\n\t\t\t\t\t\t\t\t\t\t\t<\/a>\n\t\t\t\t\t\t\t\t\t<\/li>\n\t\t\t\t\t\t\t\t<li class=\"elementor-icon-list-item\">\n\t\t\t\t\t\t\t\t\t\t\t<a href=\"https:\/\/caminsbalears.org\/ca\/historia-del-col%c2%b7legi\/\">\n\n\t\t\t\t\t\t\t\t\t\t\t<span class=\"elementor-icon-list-text\">HIST\u00d2RIA DEL COL\u00b7LEGI<\/span>\n\t\t\t\t\t\t\t\t\t\t\t<\/a>\n\t\t\t\t\t\t\t\t\t<\/li>\n\t\t\t\t\t\t\t\t<li class=\"elementor-icon-list-item\">\n\t\t\t\t\t\t\t\t\t\t\t<a href=\"https:\/\/caminsbalears.org\/ca\/junta-rectora\/\">\n\n\t\t\t\t\t\t\t\t\t\t\t\t<span class=\"elementor-icon-list-icon\">\n\t\t\t\t\t\t\t<i aria-hidden=\"true\" class=\"far fa-check-square\"><\/i>\t\t\t\t\t\t<\/span>\n\t\t\t\t\t\t\t\t\t\t<span class=\"elementor-icon-list-text\">JUNTA RECTORA<\/span>\n\t\t\t\t\t\t\t\t\t\t\t<\/a>\n\t\t\t\t\t\t\t\t\t<\/li>\n\t\t\t\t\t\t\t\t<li class=\"elementor-icon-list-item\">\n\t\t\t\t\t\t\t\t\t\t\t<a href=\"http:\/\/caminsbalears.org\/wp-content\/uploads\/2017\/05\/20170511172646719.pdf\" target=\"_blank\">\n\n\t\t\t\t\t\t\t\t\t\t\t<span class=\"elementor-icon-list-text\">REGLAMENT DE LA DEMARCACI\u00d3<\/span>\n\t\t\t\t\t\t\t\t\t\t\t<\/a>\n\t\t\t\t\t\t\t\t\t<\/li>\n\t\t\t\t\t\t\t\t<li class=\"elementor-icon-list-item\">\n\t\t\t\t\t\t\t\t\t\t\t<a href=\"http:\/\/caminsbalears.org\/wp-content\/uploads\/2017\/05\/Estatutos_2003.pdf\" target=\"_blank\">\n\n\t\t\t\t\t\t\t\t\t\t\t<span class=\"elementor-icon-list-text\">ESTATUTS<\/span>\n\t\t\t\t\t\t\t\t\t\t\t<\/a>\n\t\t\t\t\t\t\t\t\t<\/li>\n\t\t\t\t\t\t\t\t<li class=\"elementor-icon-list-item\">\n\t\t\t\t\t\t\t\t\t\t\t<a href=\"http:\/\/caminsbalears.org\/wp-content\/uploads\/2023\/06\/2023-IB-CICCP-SXIX_BALEARES.pdf\" target=\"_blank\">\n\n\t\t\t\t\t\t\t\t\t\t\t<span class=\"elementor-icon-list-text\">Enginyers Balears al segle XIX.<\/span>\n\t\t\t\t\t\t\t\t\t\t\t<\/a>\n\t\t\t\t\t\t\t\t\t<\/li>\n\t\t\t\t\t\t\t\t<li class=\"elementor-icon-list-item\">\n\t\t\t\t\t\t\t\t\t\t<span class=\"elementor-icon-list-text\"><\/span>\n\t\t\t\t\t\t\t\t\t<\/li>\n\t\t\t\t\t\t<\/ul>\n\t\t\t\t\t\t<\/div>\n\t\t\t\t<\/div>\n\t\t\t\t\t<\/div>\n\t\t<\/div>\n\t\t\t\t<div class=\"elementor-column elementor-col-50 elementor-top-column elementor-element elementor-element-381006a6\" data-id=\"381006a6\" data-element_type=\"column\">\n\t\t\t<div class=\"elementor-widget-wrap elementor-element-populated\">\n\t\t\t\t\t\t<div class=\"elementor-element elementor-element-5a3504f5 elementor-invisible elementor-widget elementor-widget-heading\" data-id=\"5a3504f5\" data-element_type=\"widget\" data-settings=\"{&quot;_animation&quot;:&quot;fadeInUp&quot;,&quot;_animation_delay&quot;:&quot;40&quot;}\" data-widget_type=\"heading.default\">\n\t\t\t\t<div class=\"elementor-widget-container\">\n\t\t\t\t\t<div class=\"elementor-heading-title elementor-size-default\">JUNTA RECTORA CICCP 2022-2026 <\/div>\t\t\t\t<\/div>\n\t\t\t\t<\/div>\n\t\t\t\t<div class=\"elementor-element elementor-element-4346bfc1 elementor-hidden-desktop elementor-hidden-tablet elementor-hidden-mobile elementor-widget elementor-widget-text-editor\" data-id=\"4346bfc1\" data-element_type=\"widget\" data-widget_type=\"text-editor.default\">\n\t\t\t\t<div class=\"elementor-widget-container\">\n\t\t\t\t\t\t\t\t\t<p><span style=\"color: var( --e-global-color-text ); font-family: var( --e-global-typography-primary-font-family ), Sans-serif; font-style: var( --e-global-typography-primary-font-style ); font-weight: var( --e-global-typography-primary-font-weight );\">Despr\u00e9s de les eleccions celebrades a l\u2019abril de 2022, la Junta Rectora de la Demarcaci\u00f3 de les Illes Balears, est\u00e0 formada pels seg\u00fcents companys:<\/span><\/p>\n<ul>\n<li>DEGANA:\n<ul>\n<li><strong>D\u00f1a. Sara Lobato Rubio. Col: 32.270<br \/><\/strong>  <\/li>\n<\/ul>\n<\/li>\n<li> VICE-DEG\u00c1:\n<ul>\n<li>\u00c1ngel Mat\u00edas Charro. Col: 19.826<\/li>\n<\/ul>\n<\/li>\n<li>VOCALS:\n<ul>\n<li>Joan Josep Morro Mart\u00ed. Col: 20.468<\/li>\n<li>Juan Antonio Garc\u00eda Mart\u00ednez. Col: 28.678<\/li>\n<li>Daniel Sagrera N\u00fa\u00f1ez. Col: 33.274<\/li>\n<li>Mar Baleta Mulet. Col: 33.674<\/li>\n<li>Jorge Nasarre L\u00f3pez. Col: 17.571 <\/li>\n<\/ul>\n<\/li>\n<\/ul>\n<p>SECRETARI: Jos\u00e9 Alejandro Asensi L\u00f3pez. Col: 17.748<\/p>\n<p>ADMINISTRATIVA: Francisca Mir Roca<\/p>\n\t\t\t\t\t\t\t\t<\/div>\n\t\t\t\t<\/div>\n\t\t\t\t<div class=\"elementor-element elementor-element-87d1186 elementor-widget elementor-widget-text-editor\" data-id=\"87d1186\" data-element_type=\"widget\" data-widget_type=\"text-editor.default\">\n\t\t\t\t<div class=\"elementor-widget-container\">\n\t\t\t\t\t\t\t\t\t<p><span style=\"color: var( --e-global-color-text ); font-family: var( --e-global-typography-primary-font-family ), Sans-serif; font-style: var( --e-global-typography-primary-font-style ); font-weight: var( --e-global-typography-primary-font-weight );\">Despr\u00e9s de les eleccions celebrades a l\u2019abril de 2022, la Junta Rectora de la Demarcaci\u00f3 de les Illes Balears, est\u00e0 formada pels seg\u00fcents companys:<\/span><\/p>\n\t\t\t\t\t\t\t\t<\/div>\n\t\t\t\t<\/div>\n\t\t\t\t<div class=\"elementor-element elementor-element-03eaeb6 elementor-widget elementor-widget-heading\" data-id=\"03eaeb6\" data-element_type=\"widget\" data-widget_type=\"heading.default\">\n\t\t\t\t<div class=\"elementor-widget-container\">\n\t\t\t\t\t<h6 class=\"elementor-heading-title elementor-size-default\">DEGANA <\/h6>\t\t\t\t<\/div>\n\t\t\t\t<\/div>\n\t\t\t\t<div class=\"elementor-element elementor-element-28b5cc2 elementor-widget elementor-widget-toggle\" data-id=\"28b5cc2\" data-element_type=\"widget\" data-widget_type=\"toggle.default\">\n\t\t\t\t<div class=\"elementor-widget-container\">\n\t\t\t\t\t\t\t<div class=\"elementor-toggle\">\n\t\t\t\t\t\t\t<div class=\"elementor-toggle-item\">\n\t\t\t\t\t<div id=\"elementor-tab-title-4261\" class=\"elementor-tab-title\" data-tab=\"1\" role=\"button\" aria-controls=\"elementor-tab-content-4261\" aria-expanded=\"false\">\n\t\t\t\t\t\t\t\t\t\t\t\t<span class=\"elementor-toggle-icon elementor-toggle-icon-right\" aria-hidden=\"true\">\n\t\t\t\t\t\t\t\t\t\t\t\t\t\t\t<span class=\"elementor-toggle-icon-closed\"><i class=\"fas fa-caret-right\"><\/i><\/span>\n\t\t\t\t\t\t\t\t<span class=\"elementor-toggle-icon-opened\"><i class=\"elementor-toggle-icon-opened fas fa-caret-down\"><\/i><\/span>\n\t\t\t\t\t\t\t\t\t\t\t\t\t<\/span>\n\t\t\t\t\t\t\t\t\t\t\t\t<a class=\"elementor-toggle-title\" tabindex=\"0\">Sara Lobato Rubio. Col: 32.270<\/a>\n\t\t\t\t\t<\/div>\n\n\t\t\t\t\t<div id=\"elementor-tab-content-4261\" class=\"elementor-tab-content elementor-clearfix\" data-tab=\"1\" role=\"region\" aria-labelledby=\"elementor-tab-title-4261\"><p>&#8220;Enginyera de camins, canals i ports per la Universitat Polit\u00e8cnica de Catalunya i disposa d&#8217;estudis superiors d&#8217;urbanisme i ordenaci\u00f3 del territori per la Universitat de les Illes Balears. <br \/>&#8211; Col\u00b7legiada n\u00fam. 32270. <br \/>&#8211; Ocupaci\u00f3 actual: Funcion\u00e0ria de carrera de l&#8217;Administraci\u00f3 Local des del 2015 a l&#8217;illa d&#8217;Eivissa. <br \/>&#8211; Ocupaci\u00f3 anterior: En la seva carrera professional ha treballat anteriorment en oficina t\u00e8cnica d&#8217;enginyeria (EPTISA i DOPEC), en constructora com a Cap de Producci\u00f3 (Melchor Mascar\u00f3) i com a professional lliure, entre els anys 2006 i 2014.<\/p>\n<\/div>\n\t\t\t\t<\/div>\n\t\t\t\t\t\t\t\t<\/div>\n\t\t\t\t\t\t<\/div>\n\t\t\t\t<\/div>\n\t\t\t\t<div class=\"elementor-element elementor-element-1a1b999 elementor-widget elementor-widget-heading\" data-id=\"1a1b999\" data-element_type=\"widget\" data-widget_type=\"heading.default\">\n\t\t\t\t<div class=\"elementor-widget-container\">\n\t\t\t\t\t<h6 class=\"elementor-heading-title elementor-size-default\">VICE-DEG\u00c1<\/h6>\t\t\t\t<\/div>\n\t\t\t\t<\/div>\n\t\t\t\t<div class=\"elementor-element elementor-element-023104f elementor-widget elementor-widget-toggle\" data-id=\"023104f\" data-element_type=\"widget\" data-widget_type=\"toggle.default\">\n\t\t\t\t<div class=\"elementor-widget-container\">\n\t\t\t\t\t\t\t<div class=\"elementor-toggle\">\n\t\t\t\t\t\t\t<div class=\"elementor-toggle-item\">\n\t\t\t\t\t<div id=\"elementor-tab-title-2291\" class=\"elementor-tab-title\" data-tab=\"1\" role=\"button\" aria-controls=\"elementor-tab-content-2291\" aria-expanded=\"false\">\n\t\t\t\t\t\t\t\t\t\t\t\t<span class=\"elementor-toggle-icon elementor-toggle-icon-right\" aria-hidden=\"true\">\n\t\t\t\t\t\t\t\t\t\t\t\t\t\t\t<span class=\"elementor-toggle-icon-closed\"><i class=\"fas fa-caret-right\"><\/i><\/span>\n\t\t\t\t\t\t\t\t<span class=\"elementor-toggle-icon-opened\"><i class=\"elementor-toggle-icon-opened fas fa-caret-up\"><\/i><\/span>\n\t\t\t\t\t\t\t\t\t\t\t\t\t<\/span>\n\t\t\t\t\t\t\t\t\t\t\t\t<a class=\"elementor-toggle-title\" tabindex=\"0\">\u00c1ngel Mat\u00edas Charro. Col: 19.826<\/a>\n\t\t\t\t\t<\/div>\n\n\t\t\t\t\t<div id=\"elementor-tab-content-2291\" class=\"elementor-tab-content elementor-clearfix\" data-tab=\"1\" role=\"region\" aria-labelledby=\"elementor-tab-title-2291\"><\/div>\n\t\t\t\t<\/div>\n\t\t\t\t\t\t\t\t<\/div>\n\t\t\t\t\t\t<\/div>\n\t\t\t\t<\/div>\n\t\t\t\t<div class=\"elementor-element elementor-element-03b9658 elementor-widget elementor-widget-heading\" data-id=\"03b9658\" data-element_type=\"widget\" data-widget_type=\"heading.default\">\n\t\t\t\t<div class=\"elementor-widget-container\">\n\t\t\t\t\t<h6 class=\"elementor-heading-title elementor-size-default\">VOCALS: <\/h6>\t\t\t\t<\/div>\n\t\t\t\t<\/div>\n\t\t\t\t<div class=\"elementor-element elementor-element-d82756f elementor-widget elementor-widget-toggle\" data-id=\"d82756f\" data-element_type=\"widget\" data-widget_type=\"toggle.default\">\n\t\t\t\t<div class=\"elementor-widget-container\">\n\t\t\t\t\t\t\t<div class=\"elementor-toggle\">\n\t\t\t\t\t\t\t<div class=\"elementor-toggle-item\">\n\t\t\t\t\t<div id=\"elementor-tab-title-2261\" class=\"elementor-tab-title\" data-tab=\"1\" role=\"button\" aria-controls=\"elementor-tab-content-2261\" aria-expanded=\"false\">\n\t\t\t\t\t\t\t\t\t\t\t\t<span class=\"elementor-toggle-icon elementor-toggle-icon-right\" aria-hidden=\"true\">\n\t\t\t\t\t\t\t\t\t\t\t\t\t\t\t<span class=\"elementor-toggle-icon-closed\"><i class=\"fas fa-caret-right\"><\/i><\/span>\n\t\t\t\t\t\t\t\t<span class=\"elementor-toggle-icon-opened\"><i class=\"elementor-toggle-icon-opened fas fa-caret-up\"><\/i><\/span>\n\t\t\t\t\t\t\t\t\t\t\t\t\t<\/span>\n\t\t\t\t\t\t\t\t\t\t\t\t<a class=\"elementor-toggle-title\" tabindex=\"0\">Joan Josep Morro Mart\u00ed. Col: 20.468<\/a>\n\t\t\t\t\t<\/div>\n\n\t\t\t\t\t<div id=\"elementor-tab-content-2261\" class=\"elementor-tab-content elementor-clearfix\" data-tab=\"1\" role=\"region\" aria-labelledby=\"elementor-tab-title-2261\"><p>TITULACIONS<br \/>2006 &#8211; 2016<\/p>\n<p>Enginyeria Industrial<br \/>Universitat Nacional d\u2019Educaci\u00f3 a Dist\u00e0ncia | UNED<\/p>\n<p>2001 &#8211; 2007<\/p>\n<p>Estudis d\u2019Arquitectura<br \/>Escola T\u00e8cnica Superior d\u2019Arquitectura de Barcelona | ETSAB<br \/>Universitat Polit\u00e8cnica de Barcelona | UPC<\/p>\n<p>1995 &#8211; 2003<\/p>\n<p>Enginyeria de Camins, Canals i Ports<br \/>\/\/ intensificacions de C\u00e0lcul Num\u00e8ria i Enginyeria Mar\u00edtima<br \/>Escola T\u00e8cnica Superior de Enginyers de Camins, Canals i Ports de Barcelona |<br \/>ETSECCPB<br \/>Universitat Polit\u00e8cnica de Barcelona | UPC<\/p>\n<p>FORMACI\u00d3 COMPLEMENT\u00c0RIA<br \/>Estiu 2011<\/p>\n<p>Cursos de busseig, obtenci\u00f3 de CMAS **, CMAS Busseig profund i PADI Nitrox<\/p>\n<p>Setembre 2002<\/p>\n<p>Curs de gesti\u00f3 de recursos d\u2019aigua (UIMIR)<\/p>\n<p>Mar\u00e7 2001<\/p>\n<p>Curs d\u2019explosius a l\u2019obra p\u00fablica, principis b\u00e0sics i aplicacions (ETSECCPB)<\/p>\n<p>Setembre 1997<\/p>\n<p>Curs de gesti\u00f3 d\u2019aig\u00fces residuals (UIMIR)<\/p>\n<p>EXPERI\u00c8NCIA<br \/>2012 &#8211; &#8230;<\/p>\n<p>E.ARQ enginyeria i arquitectura<br \/>Despatx d\u2019arquitectura, enginyer\u00eda i urbanisme, Menorca<br \/>Redacci\u00f3 i desenvolupament de projectes b\u00e0sics i concursos, enc\u00e0rrecs p\u00fablics i privats.<br \/>Treballs d&#8217;assessoria, *project management, direcci\u00f3 d&#8217;obra i coordinaci\u00f3 en seguretat i salut.<\/p>\n<p>1997 &#8211; 2005<\/p>\n<p>CMU Penyafort &#8211; Montserrat<br \/>Cap d\u2019inform\u00e0tica<\/p>\n<p>Estius 1993 &#8211;<br \/>2006 Bartomeu Mart\u00ed Vidal Arquitecte \/ Enginyer industrial<\/p>\n<p>BLOC A<\/p>\n<p>E.ARQ Enginyeria Arquitectura C\/ Fivaller, 4 \u2013 07760, Ciutadella de Menorca | 871 03 96 94 |<br \/>info@e-arq.es<\/p>\n<p>Assist\u00e8ncia t\u00e8cnica<\/p>\n<p>HABILITATS<br \/>Disseny 2D Programaci\u00f3 BIM<br \/>AUTODESK AUTOCAD Matlab, Fortran REVIT<br \/>CIVIL3D<br \/>Sistema informaci\u00f3n geogr\u00e0fica Estructures Postproducci\u00f3<br \/>QGIS CYPECAD \u2013 CYPECAD 3D ADOBE<br \/>Ofim\u00e0tica Instal\u00b7lacions Amidaments<br \/>Office CYPECAD MEP CYPE Arquimedes<\/p>\n<p>Nivell elevat en fotografia i tractament de fotografia<\/p>\n<\/div>\n\t\t\t\t<\/div>\n\t\t\t\t\t\t\t<div class=\"elementor-toggle-item\">\n\t\t\t\t\t<div id=\"elementor-tab-title-2262\" class=\"elementor-tab-title\" data-tab=\"2\" role=\"button\" aria-controls=\"elementor-tab-content-2262\" aria-expanded=\"false\">\n\t\t\t\t\t\t\t\t\t\t\t\t<span class=\"elementor-toggle-icon elementor-toggle-icon-right\" aria-hidden=\"true\">\n\t\t\t\t\t\t\t\t\t\t\t\t\t\t\t<span class=\"elementor-toggle-icon-closed\"><i class=\"fas fa-caret-right\"><\/i><\/span>\n\t\t\t\t\t\t\t\t<span class=\"elementor-toggle-icon-opened\"><i class=\"elementor-toggle-icon-opened fas fa-caret-up\"><\/i><\/span>\n\t\t\t\t\t\t\t\t\t\t\t\t\t<\/span>\n\t\t\t\t\t\t\t\t\t\t\t\t<a class=\"elementor-toggle-title\" tabindex=\"0\">Juan Antonio Garc\u00eda Mart\u00ednez. Col: 28.678<\/a>\n\t\t\t\t\t<\/div>\n\n\t\t\t\t\t<div id=\"elementor-tab-content-2262\" class=\"elementor-tab-content elementor-clearfix\" data-tab=\"2\" role=\"region\" aria-labelledby=\"elementor-tab-title-2262\"><ul>\n<li>Enginyer de Camins, Canals i Ports per la Universitat Europea de Madrid.<\/li>\n<li>Llicenciat en Ci\u00e8ncies Ambientals per la Universitat de Vic.<\/li>\n<li>M\u00e0ster Universitari d&#8217;An\u00e0lisi, Planificaci\u00f3 i Gesti\u00f3 d&#8217;\u00c0rees Litorals per la Universitat de les Illes Balears.<\/li>\n<li>Enginyer T\u00e8cnic d\u2019Obres P\u00fabliques per la Universitat d&#8217;Extremadura.<\/li>\n<\/ul>\n<p>Actualment \u00e9s enginyer de supervisi\u00f3 de projectes al Departament de Mobilitat i Infraestructures del Consell Insular de Mallorca.<br \/>Anteriorment ha exercit les seg\u00fcents funcions:<\/p>\n<ul>\n<li>Cap del Departament de Conservaci\u00f3 d&#8217;Infraestructures i Senyals Mar\u00edtimes de l&#8217;Autoritat Portu\u00e0ria de Balears, des de juliol de 2021 fins a mar\u00e7 de 2022.<\/li>\n<li>Cap de l&#8217;\u00c0rea de Construcci\u00f3 i Gesti\u00f3 d&#8217;Abastiment i Dessaladores de l&#8217;Ag\u00e8ncia Balear de l&#8217;Aigua i de la Qualitat Ambiental (ABAQUA), des d&#8217;agost de 2013 fins a juny de 2021.<\/li>\n<li>Inspector &#8211; supervisor d&#8217;obres de sanejament d&#8217;ABAQUA, des de gener de 2011 fins a juliol de 2013.<\/li>\n<li>T\u00e8cnic de la Demarcaci\u00f3 de Costes a Balears del Ministeri de Medi Ambient, des de novembre de 2005 fins a desembre de 2010.<\/li>\n<li>Inspector &#8211; supervisor d&#8217;obres de l&#8217;Institut Balear de Sanejament (IBASAN), des de desembre de 2000 fins a octubre de 2005.<\/li>\n<li>T\u00e8cnic de la Direcci\u00f3 General de Recursos H\u00eddrics de la Conselleria de Medi Ambient de les Illes Balears, des d&#8217;agost de 1996 fins a octubre de 2000.<\/li>\n<li>T\u00e8cnic del Departament de Projectes i Obres de l&#8217;Autoritat Portu\u00e0ria de Balears, des de febrer de 1995 fins a juliol de 1996.<\/li>\n<\/ul>\n<\/div>\n\t\t\t\t<\/div>\n\t\t\t\t\t\t\t<div class=\"elementor-toggle-item\">\n\t\t\t\t\t<div id=\"elementor-tab-title-2263\" class=\"elementor-tab-title\" data-tab=\"3\" role=\"button\" aria-controls=\"elementor-tab-content-2263\" aria-expanded=\"false\">\n\t\t\t\t\t\t\t\t\t\t\t\t<span class=\"elementor-toggle-icon elementor-toggle-icon-right\" aria-hidden=\"true\">\n\t\t\t\t\t\t\t\t\t\t\t\t\t\t\t<span class=\"elementor-toggle-icon-closed\"><i class=\"fas fa-caret-right\"><\/i><\/span>\n\t\t\t\t\t\t\t\t<span class=\"elementor-toggle-icon-opened\"><i class=\"elementor-toggle-icon-opened fas fa-caret-up\"><\/i><\/span>\n\t\t\t\t\t\t\t\t\t\t\t\t\t<\/span>\n\t\t\t\t\t\t\t\t\t\t\t\t<a class=\"elementor-toggle-title\" tabindex=\"0\">Daniel Sagrera N\u00fa\u00f1ez. Col: 33.274<\/a>\n\t\t\t\t\t<\/div>\n\n\t\t\t\t\t<div id=\"elementor-tab-content-2263\" class=\"elementor-tab-content elementor-clearfix\" data-tab=\"3\" role=\"region\" aria-labelledby=\"elementor-tab-title-2263\"><\/div>\n\t\t\t\t<\/div>\n\t\t\t\t\t\t\t<div class=\"elementor-toggle-item\">\n\t\t\t\t\t<div id=\"elementor-tab-title-2264\" class=\"elementor-tab-title\" data-tab=\"4\" role=\"button\" aria-controls=\"elementor-tab-content-2264\" aria-expanded=\"false\">\n\t\t\t\t\t\t\t\t\t\t\t\t<span class=\"elementor-toggle-icon elementor-toggle-icon-right\" aria-hidden=\"true\">\n\t\t\t\t\t\t\t\t\t\t\t\t\t\t\t<span class=\"elementor-toggle-icon-closed\"><i class=\"fas fa-caret-right\"><\/i><\/span>\n\t\t\t\t\t\t\t\t<span class=\"elementor-toggle-icon-opened\"><i class=\"elementor-toggle-icon-opened fas fa-caret-up\"><\/i><\/span>\n\t\t\t\t\t\t\t\t\t\t\t\t\t<\/span>\n\t\t\t\t\t\t\t\t\t\t\t\t<a class=\"elementor-toggle-title\" tabindex=\"0\">Mar Baleta Mulet. Col: 33.674<\/a>\n\t\t\t\t\t<\/div>\n\n\t\t\t\t\t<div id=\"elementor-tab-content-2264\" class=\"elementor-tab-content elementor-clearfix\" data-tab=\"4\" role=\"region\" aria-labelledby=\"elementor-tab-title-2264\"><\/div>\n\t\t\t\t<\/div>\n\t\t\t\t\t\t\t<div class=\"elementor-toggle-item\">\n\t\t\t\t\t<div id=\"elementor-tab-title-2265\" class=\"elementor-tab-title\" data-tab=\"5\" role=\"button\" aria-controls=\"elementor-tab-content-2265\" aria-expanded=\"false\">\n\t\t\t\t\t\t\t\t\t\t\t\t<span class=\"elementor-toggle-icon elementor-toggle-icon-right\" aria-hidden=\"true\">\n\t\t\t\t\t\t\t\t\t\t\t\t\t\t\t<span class=\"elementor-toggle-icon-closed\"><i class=\"fas fa-caret-right\"><\/i><\/span>\n\t\t\t\t\t\t\t\t<span class=\"elementor-toggle-icon-opened\"><i class=\"elementor-toggle-icon-opened fas fa-caret-up\"><\/i><\/span>\n\t\t\t\t\t\t\t\t\t\t\t\t\t<\/span>\n\t\t\t\t\t\t\t\t\t\t\t\t<a class=\"elementor-toggle-title\" tabindex=\"0\">Jorge Nasarre L\u00f3pez. Col: 17.571 <\/a>\n\t\t\t\t\t<\/div>\n\n\t\t\t\t\t<div id=\"elementor-tab-content-2265\" class=\"elementor-tab-content elementor-clearfix\" data-tab=\"5\" role=\"region\" aria-labelledby=\"elementor-tab-title-2265\"><p>Jorge Nasarre L\u00f3pez \u00e9s enginyer de Camins, Canals i Ports, amb l&#8217;especialitat de Transports, per la Universitat Polit\u00e8cnica de Madrid (1999).<\/p>\n<p>Amb especialitzaci\u00f3 en Transport Mar\u00edtim i Gesti\u00f3 Portu\u00e0ria per la Universitat Polit\u00e8cnica de Madrid (2022); M\u00e0ster en Gesti\u00f3 d&#8217;Infraestructures i Serveis P\u00fablics pel Col\u00b7legi d&#8217;Enginyers de Camins, Canals i Ports, el CEDEX i la Fundaci\u00f3 Agust\u00edn de Betancourt, amb el n\u00famero tres de la seva promoci\u00f3 (2004); i Programa Avan\u00e7at de Direcci\u00f3 General per l&#8217;IE Business School (2015).<\/p>\n<p>Entre 1999 i 2006 va desenvolupar la seva activitat professional des del sector privat, en el camp de l&#8217;enginyeria i la consultoria de ports i costes, havent estat cap de la Divisi\u00f3 de Ports i Oceanografia d&#8217;Intecsa-Inarsa, S.A. entre 2004 i 2006.<\/p>\n<p>Des de 2006 desenvolupa la seva activitat des del sector p\u00fablic estatal (en el camp de l&#8217;administraci\u00f3 i gesti\u00f3 portu\u00e0ries), concretament a l&#8217;Autoritat Portu\u00e0ria de Balears, havent estat director de la mateixa en dos per\u00edodes: de 2011 a 2013 i de 2021 a 2024. Actualment es troba al capdavant del seu Departament de Planificaci\u00f3 i Estrat\u00e8gia. <\/p>\n<p>Entre 2021 i 2024 va ser vocal del Consell d&#8217;Administraci\u00f3 de Ports IB (ent p\u00fablic responsable de la gesti\u00f3 dels ports adscrits a la Comunitat Aut\u00f2noma de les Illes Balears).<\/p>\n<p>Ha participat en nombrosos comit\u00e8s t\u00e8cnics i grups de treball d&#8217;\u00e0mbit nacional (ATPYC) i internacional (ESPO i PIANC), i ha impartit classes en diversos cursos.<\/p>\n<p>Des de mar\u00e7 de 2024 \u00e9s vocal de la Junta Rectora de la Demarcaci\u00f3 de les Illes Balears del Col\u00b7legi d&#8217;Enginyers de Camins, Canals i Ports.<\/p>\n<\/div>\n\t\t\t\t<\/div>\n\t\t\t\t\t\t\t\t<\/div>\n\t\t\t\t\t\t<\/div>\n\t\t\t\t<\/div>\n\t\t\t\t<div class=\"elementor-element elementor-element-1d7bde3 elementor-widget elementor-widget-heading\" data-id=\"1d7bde3\" data-element_type=\"widget\" data-widget_type=\"heading.default\">\n\t\t\t\t<div class=\"elementor-widget-container\">\n\t\t\t\t\t<h6 class=\"elementor-heading-title elementor-size-default\">SECRETARI <\/h6>\t\t\t\t<\/div>\n\t\t\t\t<\/div>\n\t\t\t\t<div class=\"elementor-element elementor-element-5507000 elementor-widget elementor-widget-toggle\" data-id=\"5507000\" data-element_type=\"widget\" data-widget_type=\"toggle.default\">\n\t\t\t\t<div class=\"elementor-widget-container\">\n\t\t\t\t\t\t\t<div class=\"elementor-toggle\">\n\t\t\t\t\t\t\t<div class=\"elementor-toggle-item\">\n\t\t\t\t\t<div id=\"elementor-tab-title-8911\" class=\"elementor-tab-title\" data-tab=\"1\" role=\"button\" aria-controls=\"elementor-tab-content-8911\" aria-expanded=\"false\">\n\t\t\t\t\t\t\t\t\t\t\t\t<span class=\"elementor-toggle-icon elementor-toggle-icon-right\" aria-hidden=\"true\">\n\t\t\t\t\t\t\t\t\t\t\t\t\t\t\t<span class=\"elementor-toggle-icon-closed\"><i class=\"fas fa-caret-right\"><\/i><\/span>\n\t\t\t\t\t\t\t\t<span class=\"elementor-toggle-icon-opened\"><i class=\"elementor-toggle-icon-opened fas fa-caret-up\"><\/i><\/span>\n\t\t\t\t\t\t\t\t\t\t\t\t\t<\/span>\n\t\t\t\t\t\t\t\t\t\t\t\t<a class=\"elementor-toggle-title\" tabindex=\"0\">Jos\u00e9 Alejandro Asensi L\u00f3pez. Col: 17.748<\/a>\n\t\t\t\t\t<\/div>\n\n\t\t\t\t\t<div id=\"elementor-tab-content-8911\" class=\"elementor-tab-content elementor-clearfix\" data-tab=\"1\" role=\"region\" aria-labelledby=\"elementor-tab-title-8911\"><\/div>\n\t\t\t\t<\/div>\n\t\t\t\t\t\t\t\t<\/div>\n\t\t\t\t\t\t<\/div>\n\t\t\t\t<\/div>\n\t\t\t\t<div class=\"elementor-element elementor-element-36d20bc elementor-widget elementor-widget-heading\" data-id=\"36d20bc\" data-element_type=\"widget\" data-widget_type=\"heading.default\">\n\t\t\t\t<div class=\"elementor-widget-container\">\n\t\t\t\t\t<h6 class=\"elementor-heading-title elementor-size-default\">ADMINISTRATIVA<\/h6>\t\t\t\t<\/div>\n\t\t\t\t<\/div>\n\t\t\t\t<div class=\"elementor-element elementor-element-aeee111 elementor-widget elementor-widget-toggle\" data-id=\"aeee111\" data-element_type=\"widget\" data-widget_type=\"toggle.default\">\n\t\t\t\t<div class=\"elementor-widget-container\">\n\t\t\t\t\t\t\t<div class=\"elementor-toggle\">\n\t\t\t\t\t\t\t<div class=\"elementor-toggle-item\">\n\t\t\t\t\t<div id=\"elementor-tab-title-1831\" class=\"elementor-tab-title\" data-tab=\"1\" role=\"button\" aria-controls=\"elementor-tab-content-1831\" aria-expanded=\"false\">\n\t\t\t\t\t\t\t\t\t\t\t\t<span class=\"elementor-toggle-icon elementor-toggle-icon-right\" aria-hidden=\"true\">\n\t\t\t\t\t\t\t\t\t\t\t\t\t\t\t<span class=\"elementor-toggle-icon-closed\"><i class=\"fas fa-caret-right\"><\/i><\/span>\n\t\t\t\t\t\t\t\t<span class=\"elementor-toggle-icon-opened\"><i class=\"elementor-toggle-icon-opened fas fa-caret-up\"><\/i><\/span>\n\t\t\t\t\t\t\t\t\t\t\t\t\t<\/span>\n\t\t\t\t\t\t\t\t\t\t\t\t<a class=\"elementor-toggle-title\" tabindex=\"0\">Francisca Mir Roca<\/a>\n\t\t\t\t\t<\/div>\n\n\t\t\t\t\t<div id=\"elementor-tab-content-1831\" class=\"elementor-tab-content elementor-clearfix\" data-tab=\"1\" role=\"region\" aria-labelledby=\"elementor-tab-title-1831\"><\/div>\n\t\t\t\t<\/div>\n\t\t\t\t\t\t\t\t<\/div>\n\t\t\t\t\t\t<\/div>\n\t\t\t\t<\/div>\n\t\t\t\t\t<\/div>\n\t\t<\/div>\n\t\t\t\t\t<\/div>\n\t\t<\/section>\n\t\t\t\t<\/div>\n\t\t","protected":false},"excerpt":{"rendered":"<p>HIST\u00d2RIA DE LA DEMARCACI\u00d3 HIST\u00d2RIA DEL COL\u00b7LEGI JUNTA RECTORA REGLAMENT DE LA DEMARCACI\u00d3 ESTATUTS Enginyers Balears al segle XIX. JUNTA RECTORA CICCP 2022-2026 Despr\u00e9s de les eleccions celebrades a l\u2019abril de 2022, la Junta Rectora de la Demarcaci\u00f3 de les Illes Balears, est\u00e0 formada pels seg\u00fcents companys: DEGANA: D\u00f1a. Sara Lobato Rubio. Col: 32.270 VICE-DEG\u00c1: [&hellip;]<\/p>\n","protected":false},"author":1,"featured_media":0,"parent":0,"menu_order":0,"comment_status":"closed","ping_status":"closed","template":"elementor_header_footer","meta":{"footnotes":""},"class_list":["post-3369","page","type-page","status-publish","hentry"],"_links":{"self":[{"href":"https:\/\/caminsbalears.org\/ca\/wp-json\/wp\/v2\/pages\/3369","targetHints":{"allow":["GET"]}}],"collection":[{"href":"https:\/\/caminsbalears.org\/ca\/wp-json\/wp\/v2\/pages"}],"about":[{"href":"https:\/\/caminsbalears.org\/ca\/wp-json\/wp\/v2\/types\/page"}],"author":[{"embeddable":true,"href":"https:\/\/caminsbalears.org\/ca\/wp-json\/wp\/v2\/users\/1"}],"replies":[{"embeddable":true,"href":"https:\/\/caminsbalears.org\/ca\/wp-json\/wp\/v2\/comments?post=3369"}],"version-history":[{"count":9,"href":"https:\/\/caminsbalears.org\/ca\/wp-json\/wp\/v2\/pages\/3369\/revisions"}],"predecessor-version":[{"id":4281,"href":"https:\/\/caminsbalears.org\/ca\/wp-json\/wp\/v2\/pages\/3369\/revisions\/4281"}],"wp:attachment":[{"href":"https:\/\/caminsbalears.org\/ca\/wp-json\/wp\/v2\/media?parent=3369"}],"curies":[{"name":"wp","href":"https:\/\/api.w.org\/{rel}","templated":true}]}}