{"id":3345,"date":"2023-02-20T10:06:12","date_gmt":"2023-02-20T09:06:12","guid":{"rendered":"http:\/\/caminsbalears.org\/documentacio-necessaria-per-a-la-col%c2%b7legiacio\/"},"modified":"2026-01-22T11:21:34","modified_gmt":"2026-01-22T10:21:34","slug":"documentacio-necessaria-per-a-la-col%c2%b7legiacio","status":"publish","type":"page","link":"https:\/\/caminsbalears.org\/ca\/documentacio-necessaria-per-a-la-col%c2%b7legiacio\/","title":{"rendered":"DOCUMENTACI\u00d3 NECESS\u00c0RIA PER A LA COL\u00b7LEGIACI\u00d3"},"content":{"rendered":"\t\t<div data-elementor-type=\"wp-page\" data-elementor-id=\"3345\" class=\"elementor elementor-3345 elementor-2618\" data-elementor-post-type=\"page\">\n\t\t\t\t\t\t<section class=\"elementor-section elementor-top-section elementor-element elementor-element-48a95f58 elementor-section-height-min-height elementor-section-boxed elementor-section-height-default elementor-section-items-middle\" data-id=\"48a95f58\" data-element_type=\"section\" data-settings=\"{&quot;background_background&quot;:&quot;classic&quot;,&quot;shape_divider_bottom&quot;:&quot;pyramids&quot;}\">\n\t\t\t\t\t<div class=\"elementor-shape elementor-shape-bottom\" aria-hidden=\"true\" data-negative=\"false\">\n\t\t\t<svg xmlns=\"http:\/\/www.w3.org\/2000\/svg\" viewBox=\"0 0 1000 100\" preserveAspectRatio=\"none\">\n\t<path class=\"elementor-shape-fill\" d=\"M761.9,44.1L643.1,27.2L333.8,98L0,3.8V0l1000,0v3.9\"\/>\n<\/svg>\t\t<\/div>\n\t\t\t\t\t<div class=\"elementor-container elementor-column-gap-wider\">\n\t\t\t\t\t<div class=\"elementor-column elementor-col-100 elementor-top-column elementor-element elementor-element-7ab0a288\" data-id=\"7ab0a288\" data-element_type=\"column\">\n\t\t\t<div class=\"elementor-widget-wrap elementor-element-populated\">\n\t\t\t\t\t\t<div class=\"elementor-element elementor-element-1326a911 elementor-widget__width-auto elementor-view-default elementor-widget elementor-widget-icon\" data-id=\"1326a911\" data-element_type=\"widget\" data-widget_type=\"icon.default\">\n\t\t\t\t<div class=\"elementor-widget-container\">\n\t\t\t\t\t\t\t<div class=\"elementor-icon-wrapper\">\n\t\t\t<div class=\"elementor-icon\">\n\t\t\t<i aria-hidden=\"true\" class=\"fas fa-chevron-right\"><\/i>\t\t\t<\/div>\n\t\t<\/div>\n\t\t\t\t\t\t<\/div>\n\t\t\t\t<\/div>\n\t\t\t\t\t<\/div>\n\t\t<\/div>\n\t\t\t\t\t<\/div>\n\t\t<\/section>\n\t\t\t\t<section class=\"elementor-section elementor-top-section elementor-element elementor-element-2137cb26 elementor-section-boxed elementor-section-height-default elementor-section-height-default\" data-id=\"2137cb26\" data-element_type=\"section\">\n\t\t\t\t\t\t<div class=\"elementor-container elementor-column-gap-wider\">\n\t\t\t\t\t<div class=\"elementor-column elementor-col-50 elementor-top-column elementor-element elementor-element-79285985\" data-id=\"79285985\" data-element_type=\"column\">\n\t\t\t<div class=\"elementor-widget-wrap elementor-element-populated\">\n\t\t\t\t\t\t<div class=\"elementor-element elementor-element-683c0bdb elementor-align-start elementor-icon-list--layout-traditional elementor-list-item-link-full_width elementor-widget elementor-widget-icon-list\" data-id=\"683c0bdb\" data-element_type=\"widget\" data-widget_type=\"icon-list.default\">\n\t\t\t\t<div class=\"elementor-widget-container\">\n\t\t\t\t\t\t\t<ul class=\"elementor-icon-list-items\">\n\t\t\t\t\t\t\t<li class=\"elementor-icon-list-item\">\n\t\t\t\t\t\t\t\t\t\t<span class=\"elementor-icon-list-text\">DOCUMENTS ON-LINE<\/span>\n\t\t\t\t\t\t\t\t\t<\/li>\n\t\t\t\t\t\t\t\t<li class=\"elementor-icon-list-item\">\n\t\t\t\t\t\t\t\t\t\t\t<a href=\"http:\/\/www3.ciccp.es\/el-colegiado\/sede-electronica\/tramites\/#1511423445253-8b2c6d54-e20f\" target=\"_blank\">\n\n\t\t\t\t\t\t\t\t\t\t\t\t<span class=\"elementor-icon-list-icon\">\n\t\t\t\t\t\t\t<i aria-hidden=\"true\" class=\"fas fa-square\"><\/i>\t\t\t\t\t\t<\/span>\n\t\t\t\t\t\t\t\t\t\t<span class=\"elementor-icon-list-text\"> ALTA DE COL\u00b7LEGIAT<\/span>\n\t\t\t\t\t\t\t\t\t\t\t<\/a>\n\t\t\t\t\t\t\t\t\t<\/li>\n\t\t\t\t\t\t\t\t<li class=\"elementor-icon-list-item\">\n\t\t\t\t\t\t\t\t\t\t\t<a href=\"https:\/\/www.colegiocaminos.es\/precolegiacion\" target=\"_blank\">\n\n\t\t\t\t\t\t\t\t\t\t\t\t<span class=\"elementor-icon-list-icon\">\n\t\t\t\t\t\t\t<i aria-hidden=\"true\" class=\"fas fa-square\"><\/i>\t\t\t\t\t\t<\/span>\n\t\t\t\t\t\t\t\t\t\t<span class=\"elementor-icon-list-text\">PRE-COL\u00b7LEGIACI\u00d3<\/span>\n\t\t\t\t\t\t\t\t\t\t\t<\/a>\n\t\t\t\t\t\t\t\t\t<\/li>\n\t\t\t\t\t\t\t\t<li class=\"elementor-icon-list-item\">\n\t\t\t\t\t\t\t\t\t\t\t<a href=\"https:\/\/www.colegiocaminos.es\/link-caminos\" target=\"_blank\">\n\n\t\t\t\t\t\t\t\t\t\t\t\t<span class=\"elementor-icon-list-icon\">\n\t\t\t\t\t\t\t<i aria-hidden=\"true\" class=\"fas fa-square\"><\/i>\t\t\t\t\t\t<\/span>\n\t\t\t\t\t\t\t\t\t\t<span class=\"elementor-icon-list-text\">LINKCAMINOS<\/span>\n\t\t\t\t\t\t\t\t\t\t\t<\/a>\n\t\t\t\t\t\t\t\t\t<\/li>\n\t\t\t\t\t\t\t\t<li class=\"elementor-icon-list-item\">\n\t\t\t\t\t\t\t\t\t\t<span class=\"elementor-icon-list-text\"><\/span>\n\t\t\t\t\t\t\t\t\t<\/li>\n\t\t\t\t\t\t\t\t<li class=\"elementor-icon-list-item\">\n\t\t\t\t\t\t\t\t\t\t\t<a href=\"http:\/\/caminsbalears.org\/ca\/documentacio-necessaria-per-a-la-col%c2%b7legiacio\/\" target=\"_blank\">\n\n\t\t\t\t\t\t\t\t\t\t\t\t<span class=\"elementor-icon-list-icon\">\n\t\t\t\t\t\t\t<i aria-hidden=\"true\" class=\"far fa-check-square\"><\/i>\t\t\t\t\t\t<\/span>\n\t\t\t\t\t\t\t\t\t\t<span class=\"elementor-icon-list-text\">DOCUMENTACI\u00d3 NECESS\u00c0RIA PER A LA COL\u00b7LEGIACI\u00d3<\/span>\n\t\t\t\t\t\t\t\t\t\t\t<\/a>\n\t\t\t\t\t\t\t\t\t<\/li>\n\t\t\t\t\t\t\t\t<li class=\"elementor-icon-list-item\">\n\t\t\t\t\t\t\t\t\t\t\t<a href=\"http:\/\/caminsbalears.org\/ca\/col%c2%b7legiacio-dels-funcionaris\/\" target=\"_blank\">\n\n\t\t\t\t\t\t\t\t\t\t\t<span class=\"elementor-icon-list-text\">COL\u00b7LEGIACI\u00d3 DELS FUNCIONARIS<\/span>\n\t\t\t\t\t\t\t\t\t\t\t<\/a>\n\t\t\t\t\t\t\t\t\t<\/li>\n\t\t\t\t\t\t\t\t<li class=\"elementor-icon-list-item\">\n\t\t\t\t\t\t\t\t\t\t\t<a href=\"http:\/\/caminsbalears.org\/ca\/quotes\/\" target=\"_blank\">\n\n\t\t\t\t\t\t\t\t\t\t\t<span class=\"elementor-icon-list-text\">QUOTES<\/span>\n\t\t\t\t\t\t\t\t\t\t\t<\/a>\n\t\t\t\t\t\t\t\t\t<\/li>\n\t\t\t\t\t\t\t\t<li class=\"elementor-icon-list-item\">\n\t\t\t\t\t\t\t\t\t\t<span class=\"elementor-icon-list-text\"><\/span>\n\t\t\t\t\t\t\t\t\t<\/li>\n\t\t\t\t\t\t<\/ul>\n\t\t\t\t\t\t<\/div>\n\t\t\t\t<\/div>\n\t\t\t\t\t<\/div>\n\t\t<\/div>\n\t\t\t\t<div class=\"elementor-column elementor-col-50 elementor-top-column elementor-element elementor-element-cba6347\" data-id=\"cba6347\" data-element_type=\"column\">\n\t\t\t<div class=\"elementor-widget-wrap elementor-element-populated\">\n\t\t\t\t\t\t<div class=\"elementor-element elementor-element-281e2de1 elementor-widget elementor-widget-heading\" data-id=\"281e2de1\" data-element_type=\"widget\" data-widget_type=\"heading.default\">\n\t\t\t\t<div class=\"elementor-widget-container\">\n\t\t\t\t\t<h5 class=\"elementor-heading-title elementor-size-default\">DOCUMENTACI\u00d3 NECESS\u00c0RIA PER A LA COL\u00b7LEGIACI\u00d3<\/h5>\t\t\t\t<\/div>\n\t\t\t\t<\/div>\n\t\t\t\t<div class=\"elementor-element elementor-element-400f4b50 elementor-invisible elementor-widget elementor-widget-heading\" data-id=\"400f4b50\" data-element_type=\"widget\" data-settings=\"{&quot;_animation&quot;:&quot;fadeInUp&quot;,&quot;_animation_delay&quot;:&quot;40&quot;}\" data-widget_type=\"heading.default\">\n\t\t\t\t<div class=\"elementor-widget-container\">\n\t\t\t\t\t<div class=\"elementor-heading-title elementor-size-default\">Escoles espanyoles:\n\n<\/div>\t\t\t\t<\/div>\n\t\t\t\t<\/div>\n\t\t\t\t<div class=\"elementor-element elementor-element-1cd41f25 elementor-widget elementor-widget-text-editor\" data-id=\"1cd41f25\" data-element_type=\"widget\" data-widget_type=\"text-editor.default\">\n\t\t\t\t<div class=\"elementor-widget-container\">\n\t\t\t\t\t\t\t\t\t<ul>\n<li>Certificat complet de les assignatures cursades, en el qual haur\u00e0 de constar les mat\u00e8ries cursades i aprovades al llarg de la carrera, aix\u00ed com el temps de durada dels estudis corresponents a aquestes mat\u00e8ries, signat pel secretari de l\u2019Escola on es van cursar.<\/li>\n<li>Original del document nacional d\u2019identitat.<\/li>\n<li>1 Fotografia<\/li>\n<li>T\u00edtol universitari estranger homologat pel Ministeri d\u2019Educaci\u00f3, Pol\u00edtica Social i Esport:<\/li>\n<li>Credencial Homologaci\u00f3 de T\u00edtol (*)<\/li>\n<li>T\u00edtol Acad\u00e8mic<\/li>\n<li>Passaport o N.I.F.<\/li>\n<li>Certificat d\u2019Estudis realitzats; i, si escau, Pla i Programa d\u2019Estudis cursats.<\/li>\n<li>1 Fotografia<\/li>\n<\/ul>\n<p>(*) Si ha realitzat proves de conjunt, acompanyar l\u2019acreditaci\u00f3 d\u2019haver-les superat<\/p>\n\t\t\t\t\t\t\t\t<\/div>\n\t\t\t\t<\/div>\n\t\t\t\t<div class=\"elementor-element elementor-element-9cdc3e4 elementor-invisible elementor-widget elementor-widget-heading\" data-id=\"9cdc3e4\" data-element_type=\"widget\" data-settings=\"{&quot;_animation&quot;:&quot;fadeInUp&quot;,&quot;_animation_delay&quot;:&quot;40&quot;}\" data-widget_type=\"heading.default\">\n\t\t\t\t<div class=\"elementor-widget-container\">\n\t\t\t\t\t<div class=\"elementor-heading-title elementor-size-default\">T\u00edtol europeu Universitari reconegut pel Ministeri de Foment:\n\n\n<\/div>\t\t\t\t<\/div>\n\t\t\t\t<\/div>\n\t\t\t\t<div class=\"elementor-element elementor-element-54339ae elementor-widget elementor-widget-text-editor\" data-id=\"54339ae\" data-element_type=\"widget\" data-widget_type=\"text-editor.default\">\n\t\t\t\t<div class=\"elementor-widget-container\">\n\t\t\t\t\t\t\t\t\t<ul>\n<li>Reconeixement de T\u00edtol<\/li>\n<li>Passaport o N.I.F.<\/li>\n<li>1 Fotografia<\/li>\n<\/ul>\n\t\t\t\t\t\t\t\t<\/div>\n\t\t\t\t<\/div>\n\t\t\t\t<div class=\"elementor-element elementor-element-c4cde64 elementor-widget-divider--view-line elementor-widget elementor-widget-divider\" data-id=\"c4cde64\" data-element_type=\"widget\" data-widget_type=\"divider.default\">\n\t\t\t\t<div class=\"elementor-widget-container\">\n\t\t\t\t\t\t\t<div class=\"elementor-divider\">\n\t\t\t<span class=\"elementor-divider-separator\">\n\t\t\t\t\t\t<\/span>\n\t\t<\/div>\n\t\t\t\t\t\t<\/div>\n\t\t\t\t<\/div>\n\t\t\t\t<div class=\"elementor-element elementor-element-35c25d4 elementor-invisible elementor-widget elementor-widget-heading\" data-id=\"35c25d4\" data-element_type=\"widget\" data-settings=\"{&quot;_animation&quot;:&quot;fadeInUp&quot;,&quot;_animation_delay&quot;:&quot;40&quot;}\" data-widget_type=\"heading.default\">\n\t\t\t\t<div class=\"elementor-widget-container\">\n\t\t\t\t\t<div class=\"elementor-heading-title elementor-size-default\">Documents admesos respecte a l\u2019acreditaci\u00f3 de la titulaci\u00f3:\n\n\n\n<\/div>\t\t\t\t<\/div>\n\t\t\t\t<\/div>\n\t\t\t\t<div class=\"elementor-element elementor-element-c410320 elementor-widget elementor-widget-text-editor\" data-id=\"c410320\" data-element_type=\"widget\" data-widget_type=\"text-editor.default\">\n\t\t\t\t<div class=\"elementor-widget-container\">\n\t\t\t\t\t\t\t\t\t<p>\u25aa T\u00edtol<br \/>\u25aa Certificat substitutori del t\u00edtol o certificaci\u00f3 suplet\u00f2ria del t\u00edtol<br \/>\u25aa Certificaci\u00f3 acad\u00e8mica completa, amb expressi\u00f3 de sol\u00b7licitud del t\u00edtol i abonament d\u2019aquest.<\/p>\n<p>En el cas que en la certificaci\u00f3 acad\u00e8mica no consti l\u2019haver sol\u00b7licitat i abonat les taxes corresponents a l\u2019expedici\u00f3 del t\u00edtol s\u2019ha d\u2019aportar el resguard de sol\u00b7licitud i pagament.<\/p>\n<p>Properament, at\u00e8s que el Col\u00b7legi t\u00e9 acc\u00e9s al Registre Nacional de Titulats del Ministeri d\u2019Educaci\u00f3, Cultura i Esport, implementarem la possibilitat de col\u00b7legiaci\u00f3 via electr\u00f2nica, de manera que quan el t\u00edtol consti degudament inscrit en el Registre Nacional de Titulats del Ministeri d\u2019Educaci\u00f3, cultura i Esport n\u2019hi haur\u00e0 prou, despr\u00e9s de la identificaci\u00f3 del sol\u00b7licitant mitjan\u00e7ant DNI-electr\u00f2nic o certificat electr\u00f2nic, la consulta del mateix pel servei de col\u00b7legiaci\u00f3 del Col\u00b7legi, sense necessitat d\u2019aportaci\u00f3 al Col\u00b7legi del t\u00edtol ni de certificats.<\/p>\n\t\t\t\t\t\t\t\t<\/div>\n\t\t\t\t<\/div>\n\t\t\t\t<div class=\"elementor-element elementor-element-c5f5831 elementor-widget-divider--view-line elementor-widget elementor-widget-divider\" data-id=\"c5f5831\" data-element_type=\"widget\" data-widget_type=\"divider.default\">\n\t\t\t\t<div class=\"elementor-widget-container\">\n\t\t\t\t\t\t\t<div class=\"elementor-divider\">\n\t\t\t<span class=\"elementor-divider-separator\">\n\t\t\t\t\t\t<\/span>\n\t\t<\/div>\n\t\t\t\t\t\t<\/div>\n\t\t\t\t<\/div>\n\t\t\t\t<div class=\"elementor-element elementor-element-b8f3ebb elementor-widget elementor-widget-text-editor\" data-id=\"b8f3ebb\" data-element_type=\"widget\" data-widget_type=\"text-editor.default\">\n\t\t\t\t<div class=\"elementor-widget-container\">\n\t\t\t\t\t\t\t\t\t<p>Nota:<br \/>S\u2019han d\u2019omplir totes les dades del formulari que estan indicats amb un asterisc vermell ja que aquests s\u00f3n obligatoris per completar el proc\u00e9s. Un cop emplenat el formulari cal fer clic al bot\u00f3 \u201cEnviar sol\u00b7licitud d\u2019alta\u201d i si tot est\u00e0 correcte les dades queden registrats a la base de dades del Col\u00b7legi i s\u2019envia un primer correu electr\u00f2nic a l\u2019adre\u00e7a indicada en el formulari. Aquest correu electr\u00f2nic compleix la funci\u00f3 d\u2019assegurar que no es puguin utilitzar processos autom\u00e0tics d\u2019alta.<\/p>\n<p>El proc\u00e9s inicial d\u2019alta finalitza quan el futur col\u00b7legiat confirma la recepci\u00f3 del correu electr\u00f2nic i rep la notificaci\u00f3 per part del sistema que la primera part de la seva sol\u00b7licitud d\u2019alta ha finalitzat correctament.<br \/>Posteriorment cal presentar personalment a l\u2019oficina del Col\u00b7legi m\u00e9s propera al domicili del futur Col\u00b7legiat els documents acreditatius per a la col\u00b7legiaci\u00f3 a fi de que siguin examinats, verificats i, si tot est\u00e0 en ordre, escanejats, el que completar\u00e0 el proc\u00e9s de sol\u00b7licitud d\u2019alta quedant a partir d\u2019aquest moment a l\u2019espera de ser aprovada la mateixa per la Junta de Govern.<\/p>\n<p>A partir d\u2019aquest moment, al web del Col\u00b7legi es pot realitzar un seguiment de l\u2019estat de la Col\u00b7legiaci\u00f3 a trav\u00e9s d\u2019un enlla\u00e7 que s\u2019envia al futur col\u00b7legiat per correu electr\u00f2nic. Les col\u00b7legiacions no aprovades s\u00f3n arxivades o retornades a Assessoria Jur\u00eddica informant al sol\u00b7licitant d\u2019aquest acord. Les col\u00b7legiacions que han estat aprovades se\u2019ls assigna un n\u00famero de col\u00b7legiat correlatiu en funci\u00f3 de l\u2019ordre de sol\u00b7licitud de col\u00b7legiaci\u00f3 i s\u00f3n incloses a la base de dades de Col\u00b7legiats.<\/p>\n<p>Alhora s\u2019informa per correu electr\u00f2nic al nou col\u00b7legiat d\u2019aquesta acci\u00f3 i posteriorment se li remet una carta de benvinguda adjuntant el carnet de col\u00b7legiat i donant per finalitzat el proc\u00e9s de col\u00b7legiaci\u00f3.<\/p>\n\t\t\t\t\t\t\t\t<\/div>\n\t\t\t\t<\/div>\n\t\t\t\t\t<\/div>\n\t\t<\/div>\n\t\t\t\t\t<\/div>\n\t\t<\/section>\n\t\t\t\t<\/div>\n\t\t","protected":false},"excerpt":{"rendered":"<p>DOCUMENTS ON-LINE ALTA DE COL\u00b7LEGIAT PRE-COL\u00b7LEGIACI\u00d3 LINKCAMINOS DOCUMENTACI\u00d3 NECESS\u00c0RIA PER A LA COL\u00b7LEGIACI\u00d3 COL\u00b7LEGIACI\u00d3 DELS FUNCIONARIS QUOTES DOCUMENTACI\u00d3 NECESS\u00c0RIA PER A LA COL\u00b7LEGIACI\u00d3 Escoles espanyoles: Certificat complet de les assignatures cursades, en el qual haur\u00e0 de constar les mat\u00e8ries cursades i aprovades al llarg de la carrera, aix\u00ed com el temps de durada dels estudis [&hellip;]<\/p>\n","protected":false},"author":1,"featured_media":0,"parent":0,"menu_order":0,"comment_status":"closed","ping_status":"closed","template":"elementor_header_footer","meta":{"footnotes":""},"class_list":["post-3345","page","type-page","status-publish","hentry"],"_links":{"self":[{"href":"https:\/\/caminsbalears.org\/ca\/wp-json\/wp\/v2\/pages\/3345","targetHints":{"allow":["GET"]}}],"collection":[{"href":"https:\/\/caminsbalears.org\/ca\/wp-json\/wp\/v2\/pages"}],"about":[{"href":"https:\/\/caminsbalears.org\/ca\/wp-json\/wp\/v2\/types\/page"}],"author":[{"embeddable":true,"href":"https:\/\/caminsbalears.org\/ca\/wp-json\/wp\/v2\/users\/1"}],"replies":[{"embeddable":true,"href":"https:\/\/caminsbalears.org\/ca\/wp-json\/wp\/v2\/comments?post=3345"}],"version-history":[{"count":9,"href":"https:\/\/caminsbalears.org\/ca\/wp-json\/wp\/v2\/pages\/3345\/revisions"}],"predecessor-version":[{"id":4519,"href":"https:\/\/caminsbalears.org\/ca\/wp-json\/wp\/v2\/pages\/3345\/revisions\/4519"}],"wp:attachment":[{"href":"https:\/\/caminsbalears.org\/ca\/wp-json\/wp\/v2\/media?parent=3345"}],"curies":[{"name":"wp","href":"https:\/\/api.w.org\/{rel}","templated":true}]}}