{"id":3329,"date":"2023-02-20T10:14:08","date_gmt":"2023-02-20T09:14:08","guid":{"rendered":"http:\/\/caminsbalears.org\/col%c2%b7legiacio-dels-funcionaris\/"},"modified":"2026-01-22T11:18:15","modified_gmt":"2026-01-22T10:18:15","slug":"col%c2%b7legiacio-dels-funcionaris","status":"publish","type":"page","link":"https:\/\/caminsbalears.org\/ca\/col%c2%b7legiacio-dels-funcionaris\/","title":{"rendered":"COL\u00b7LEGIACI\u00d3 DELS FUNCIONARIS"},"content":{"rendered":"\t\t<div data-elementor-type=\"wp-page\" data-elementor-id=\"3329\" class=\"elementor elementor-3329 elementor-2627\" data-elementor-post-type=\"page\">\n\t\t\t\t\t\t<section class=\"elementor-section elementor-top-section elementor-element elementor-element-2956495a elementor-section-height-min-height elementor-section-boxed elementor-section-height-default elementor-section-items-middle\" data-id=\"2956495a\" data-element_type=\"section\" data-settings=\"{&quot;background_background&quot;:&quot;classic&quot;,&quot;shape_divider_bottom&quot;:&quot;pyramids&quot;}\">\n\t\t\t\t\t<div class=\"elementor-shape elementor-shape-bottom\" aria-hidden=\"true\" data-negative=\"false\">\n\t\t\t<svg xmlns=\"http:\/\/www.w3.org\/2000\/svg\" viewBox=\"0 0 1000 100\" preserveAspectRatio=\"none\">\n\t<path class=\"elementor-shape-fill\" d=\"M761.9,44.1L643.1,27.2L333.8,98L0,3.8V0l1000,0v3.9\"\/>\n<\/svg>\t\t<\/div>\n\t\t\t\t\t<div class=\"elementor-container elementor-column-gap-wider\">\n\t\t\t\t\t<div class=\"elementor-column elementor-col-100 elementor-top-column elementor-element elementor-element-6d8adb82\" data-id=\"6d8adb82\" data-element_type=\"column\">\n\t\t\t<div class=\"elementor-widget-wrap elementor-element-populated\">\n\t\t\t\t\t\t<div class=\"elementor-element elementor-element-18c6c8d0 elementor-widget__width-auto elementor-view-default elementor-widget elementor-widget-icon\" data-id=\"18c6c8d0\" data-element_type=\"widget\" data-widget_type=\"icon.default\">\n\t\t\t\t<div class=\"elementor-widget-container\">\n\t\t\t\t\t\t\t<div class=\"elementor-icon-wrapper\">\n\t\t\t<div class=\"elementor-icon\">\n\t\t\t<i aria-hidden=\"true\" class=\"fas fa-chevron-right\"><\/i>\t\t\t<\/div>\n\t\t<\/div>\n\t\t\t\t\t\t<\/div>\n\t\t\t\t<\/div>\n\t\t\t\t\t<\/div>\n\t\t<\/div>\n\t\t\t\t\t<\/div>\n\t\t<\/section>\n\t\t\t\t<section class=\"elementor-section elementor-top-section elementor-element elementor-element-5f247880 elementor-section-boxed elementor-section-height-default elementor-section-height-default\" data-id=\"5f247880\" data-element_type=\"section\">\n\t\t\t\t\t\t<div class=\"elementor-container elementor-column-gap-wider\">\n\t\t\t\t\t<div class=\"elementor-column elementor-col-50 elementor-top-column elementor-element elementor-element-72da11aa\" data-id=\"72da11aa\" data-element_type=\"column\">\n\t\t\t<div class=\"elementor-widget-wrap elementor-element-populated\">\n\t\t\t\t\t\t<div class=\"elementor-element elementor-element-793f7420 elementor-align-start elementor-icon-list--layout-traditional elementor-list-item-link-full_width elementor-widget elementor-widget-icon-list\" data-id=\"793f7420\" data-element_type=\"widget\" data-widget_type=\"icon-list.default\">\n\t\t\t\t<div class=\"elementor-widget-container\">\n\t\t\t\t\t\t\t<ul class=\"elementor-icon-list-items\">\n\t\t\t\t\t\t\t<li class=\"elementor-icon-list-item\">\n\t\t\t\t\t\t\t\t\t\t<span class=\"elementor-icon-list-text\">DOCUMENTS ON-LINE<\/span>\n\t\t\t\t\t\t\t\t\t<\/li>\n\t\t\t\t\t\t\t\t<li class=\"elementor-icon-list-item\">\n\t\t\t\t\t\t\t\t\t\t\t<a href=\"http:\/\/www3.ciccp.es\/el-colegiado\/sede-electronica\/tramites\/#1511423445253-8b2c6d54-e20f\" target=\"_blank\">\n\n\t\t\t\t\t\t\t\t\t\t\t\t<span class=\"elementor-icon-list-icon\">\n\t\t\t\t\t\t\t<i aria-hidden=\"true\" class=\"fas fa-square\"><\/i>\t\t\t\t\t\t<\/span>\n\t\t\t\t\t\t\t\t\t\t<span class=\"elementor-icon-list-text\"> ALTA DE COL\u00b7LEGIAT<\/span>\n\t\t\t\t\t\t\t\t\t\t\t<\/a>\n\t\t\t\t\t\t\t\t\t<\/li>\n\t\t\t\t\t\t\t\t<li class=\"elementor-icon-list-item\">\n\t\t\t\t\t\t\t\t\t\t\t<a href=\"https:\/\/www.colegiocaminos.es\/precolegiacion\" target=\"_blank\">\n\n\t\t\t\t\t\t\t\t\t\t\t\t<span class=\"elementor-icon-list-icon\">\n\t\t\t\t\t\t\t<i aria-hidden=\"true\" class=\"fas fa-square\"><\/i>\t\t\t\t\t\t<\/span>\n\t\t\t\t\t\t\t\t\t\t<span class=\"elementor-icon-list-text\">PRE-COL\u00b7LEGIACI\u00d3<\/span>\n\t\t\t\t\t\t\t\t\t\t\t<\/a>\n\t\t\t\t\t\t\t\t\t<\/li>\n\t\t\t\t\t\t\t\t<li class=\"elementor-icon-list-item\">\n\t\t\t\t\t\t\t\t\t\t\t<a href=\"https:\/\/www.colegiocaminos.es\/link-caminos\" target=\"_blank\">\n\n\t\t\t\t\t\t\t\t\t\t\t\t<span class=\"elementor-icon-list-icon\">\n\t\t\t\t\t\t\t<i aria-hidden=\"true\" class=\"fas fa-square\"><\/i>\t\t\t\t\t\t<\/span>\n\t\t\t\t\t\t\t\t\t\t<span class=\"elementor-icon-list-text\">LINKCAMINOS<\/span>\n\t\t\t\t\t\t\t\t\t\t\t<\/a>\n\t\t\t\t\t\t\t\t\t<\/li>\n\t\t\t\t\t\t\t\t<li class=\"elementor-icon-list-item\">\n\t\t\t\t\t\t\t\t\t\t<span class=\"elementor-icon-list-text\"><\/span>\n\t\t\t\t\t\t\t\t\t<\/li>\n\t\t\t\t\t\t\t\t<li class=\"elementor-icon-list-item\">\n\t\t\t\t\t\t\t\t\t\t\t<a href=\"http:\/\/caminsbalears.org\/documentacion-necesaria-para-la-colegiacion\/\" target=\"_blank\">\n\n\t\t\t\t\t\t\t\t\t\t\t<span class=\"elementor-icon-list-text\">DOCUMENTACI\u00d3 NECESS\u00c0RIA PER A LA COL\u00b7LEGIACI\u00d3<\/span>\n\t\t\t\t\t\t\t\t\t\t\t<\/a>\n\t\t\t\t\t\t\t\t\t<\/li>\n\t\t\t\t\t\t\t\t<li class=\"elementor-icon-list-item\">\n\t\t\t\t\t\t\t\t\t\t\t<a href=\"http:\/\/caminsbalears.org\/ca\/col%c2%b7legiacio-dels-funcionaris\/\" target=\"_blank\">\n\n\t\t\t\t\t\t\t\t\t\t\t\t<span class=\"elementor-icon-list-icon\">\n\t\t\t\t\t\t\t<i aria-hidden=\"true\" class=\"far fa-check-square\"><\/i>\t\t\t\t\t\t<\/span>\n\t\t\t\t\t\t\t\t\t\t<span class=\"elementor-icon-list-text\">COL\u00b7LEGIACI\u00d3 DELS FUNCIONARIS<\/span>\n\t\t\t\t\t\t\t\t\t\t\t<\/a>\n\t\t\t\t\t\t\t\t\t<\/li>\n\t\t\t\t\t\t\t\t<li class=\"elementor-icon-list-item\">\n\t\t\t\t\t\t\t\t\t\t\t<a href=\"http:\/\/caminsbalears.org\/cuotas\/\" target=\"_blank\">\n\n\t\t\t\t\t\t\t\t\t\t\t<span class=\"elementor-icon-list-text\">QUOTES<\/span>\n\t\t\t\t\t\t\t\t\t\t\t<\/a>\n\t\t\t\t\t\t\t\t\t<\/li>\n\t\t\t\t\t\t\t\t<li class=\"elementor-icon-list-item\">\n\t\t\t\t\t\t\t\t\t\t<span class=\"elementor-icon-list-text\"><\/span>\n\t\t\t\t\t\t\t\t\t<\/li>\n\t\t\t\t\t\t<\/ul>\n\t\t\t\t\t\t<\/div>\n\t\t\t\t<\/div>\n\t\t\t\t\t<\/div>\n\t\t<\/div>\n\t\t\t\t<div class=\"elementor-column elementor-col-50 elementor-top-column elementor-element elementor-element-607ea5c3\" data-id=\"607ea5c3\" data-element_type=\"column\">\n\t\t\t<div class=\"elementor-widget-wrap elementor-element-populated\">\n\t\t\t\t\t\t<div class=\"elementor-element elementor-element-42a6f4b8 elementor-widget elementor-widget-heading\" data-id=\"42a6f4b8\" data-element_type=\"widget\" data-widget_type=\"heading.default\">\n\t\t\t\t<div class=\"elementor-widget-container\">\n\t\t\t\t\t<h5 class=\"elementor-heading-title elementor-size-default\">COL\u00b7LEGIACI\u00d3 DELS FUNCIONARIS<\/h5>\t\t\t\t<\/div>\n\t\t\t\t<\/div>\n\t\t\t\t<div class=\"elementor-element elementor-element-1d93946c elementor-invisible elementor-widget elementor-widget-heading\" data-id=\"1d93946c\" data-element_type=\"widget\" data-settings=\"{&quot;_animation&quot;:&quot;fadeInUp&quot;,&quot;_animation_delay&quot;:&quot;40&quot;}\" data-widget_type=\"heading.default\">\n\t\t\t\t<div class=\"elementor-widget-container\">\n\t\t\t\t\t<div class=\"elementor-heading-title elementor-size-default\">Els Enginyers de Camins, Canals i Ports al servei de les administracions p\u00fabliques que exerceixen la professi\u00f3 tenen l\u2019obligaci\u00f3 de col\u00b7legiar-se.<\/div>\t\t\t\t<\/div>\n\t\t\t\t<\/div>\n\t\t\t\t<div class=\"elementor-element elementor-element-62260e51 elementor-widget elementor-widget-text-editor\" data-id=\"62260e51\" data-element_type=\"widget\" data-widget_type=\"text-editor.default\">\n\t\t\t\t<div class=\"elementor-widget-container\">\n\t\t\t\t\t\t\t\t\t<p>La Inspecci\u00f3 General de Foment i la Direcci\u00f3 General de Funci\u00f3 P\u00fablica confirmen que la condici\u00f3 d\u2019empleat p\u00fablic no \u00e9s un fet que eximeixi del requisit de col\u00b7legiaci\u00f3 per a l\u2019exercici de la professi\u00f3 regulada de la Enginyeria de Camins, Canals i Ports.<\/p>\n<p>El director general de Funci\u00f3 P\u00fablica informa que:<\/p>\n<p>\u201c\u2026 S\u2019ent\u00e9n que en l\u2019\u00e0mbit de les Administracions P\u00fabliques i sota la condici\u00f3 de funcionari o una altra classe d\u2019empleat p\u00fablic nom\u00e9s es podr\u00e0 exercir una\u201d professi\u00f3 col\u00b7legiada \u201csense estar col\u00b7legiat quan una norma amb rang de llei dictada per l\u2019Estat aix\u00ed ho permeti , en cas contrari, quan el legislador estatal no estableixi aquesta exempci\u00f3, a la llum de la doctrina constitucional (STC 3\/2013, de 17 de gener i 63\/2013, de 14 de mar\u00e7) l\u2019exercici d\u2019aquestes professions implicar\u00e0 la necessitat de estar incorporat com a exercent en el corresponent Col\u00b7legi professional, sense que l\u2019exist\u00e8ncia d\u2019una relaci\u00f3 funcionarial eximeixi del compliment d\u2019aquest requisit. \u201d<br \/>Resulta per aix\u00f2, com ha confirmat el Tribunal Constitucional en nombroses sent\u00e8ncies (STC 3\/2013; 50\/2013; 123\/2013; 150\/2014 i 229\/2015), que l\u2019obligaci\u00f3 de col\u00b7legiaci\u00f3 obligat\u00f2ria vigent en el moment d\u2019aprovar la Llei 25\/2009 (coneguda com a \u201cLlei \u00d2mnibus\u201d) continua vigent de forma universal sense distingir entre l\u2019exercici privat de la professi\u00f3 i el seu exercici al servei de les administracions p\u00fabliques. En aquest sentit, la col\u00b7legiaci\u00f3 per a l\u2019exercici de la professi\u00f3 d\u2019Enginyer de Camins, Canals i Ports, incl\u00f2s el seu exercici en r\u00e8gim de depend\u00e8ncia funcionarial o laboral al servei de les administracions, \u00e9s, a dia d\u2019avui, obligat\u00f2ria i aix\u00f2 d\u2019acord amb el seg\u00fcent:<\/p>\n<p>1. La Llei 2\/1974, de 13 de febrer, sobre Col\u00b7legis Professionals, en la redacci\u00f3 que en fa la Llei 25\/2009, estableix:<br \/>\u201c3.2. Ser\u00e0 requisit indispensable per a l\u2019exercici de les professions estar incorporat al col\u00b7legi professional corresponent quan ho estableixi una llei estatal. \u2026] \u201d<\/p>\n<p>2. La Llei 25\/2009 de modificaci\u00f3 de diverses lleis per a la seva adaptaci\u00f3 a la Llei sobre el lliure acc\u00e9s a les activitats de serveis i el seu exercici (l\u2019anomenada Llei \u00d2mnibus) estableix el manteniment de les obligacions de col\u00b7legiaci\u00f3 vigents fins a l\u2019aprovaci\u00f3 d\u2019una nova llei que expressament ho reguli. Aix\u00ed estableix:<\/p>\n<p>\u201cDisposici\u00f3 Transit\u00f2ria quarta. Vig\u00e8ncia de les obligacions de col\u00b7legiaci\u00f3<br \/>En el termini m\u00e0xim de dotze mesos des de l\u2019entrada en vigor d\u2019aquesta Llei, el Govern, pr\u00e8via consulta a les comunitats aut\u00f2nomes, ha de remetre a les Corts Generals un projecte de llei que determini les professions per a l\u2019exercici \u00e9s obligat\u00f2ria la col\u00b7legiaci\u00f3.<br \/>Aquest Projecte haur\u00e0 de preveure la continu\u00eftat de l\u2019obligaci\u00f3 de col\u00b7legiaci\u00f3 en aquells casos i sup\u00f2sits d\u2019exercici en qu\u00e8 es fonamenti com a instrument eficient de control de l\u2019exercici professional per a la millor defensa dels destinataris dels serveis i en aquelles activitats en qu\u00e8 es puguin veure afectades, de manera greu i directa, mat\u00e8ries d\u2019especial inter\u00e8s p\u00fablic, com poden ser la protecci\u00f3 de la salut i de la integritat f\u00edsica o de la seguretat personal o jur\u00eddica de les persones f\u00edsiques.<br \/>Fins a l\u2019entrada en vigor de l\u2019esmentada Llei, es mantenen les obligacions de col\u00b7legiaci\u00f3 vigents. \u201d<\/p>\n<p>Aquesta llei que revisar\u00e0, per al futur, les professions per a l\u2019exercici ser\u00e0 obligat\u00f2ria la col\u00b7legiaci\u00f3 encara no s\u2019ha dictat.<\/p>\n<p>3. Els Estatuts del Col\u00b7legi d\u2019Enginyers de Camins, Canals i Ports, aprovats el Reial Decret 1271\/2003 (BOE 22\/10\/2003), dictats a l\u2019empara de la Llei de Col\u00b7legis Professionals abans de la seva reforma, establien i segueixen establint, en el seu article 11, que \u201cSer\u00e0 requisit indispensable per a l\u2019exercici de la professi\u00f3 d\u2019Enginyer de Camins, Canals i Ports la incorporaci\u00f3 al Col\u00b7legi com a col\u00b7legiat\u201d.<\/p>\n<p>Tot aix\u00f2 fa concloure que els Enginyers de Camins, Canals i Ports al servei de l\u2019Estat, de les Comunitats Aut\u00f2nomes i de les Entitats Locals, que exerceixen la professi\u00f3 i realitzen actes t\u00e8cnics facultatius, han d\u2019estar necess\u00e0riament col\u00b7legiats al Col\u00b7legi d\u2019Enginyers de Camins, canals i Ports.<\/p><\/p>\n\t\t\t\t\t\t\t\t<\/div>\n\t\t\t\t<\/div>\n\t\t\t\t\t<\/div>\n\t\t<\/div>\n\t\t\t\t\t<\/div>\n\t\t<\/section>\n\t\t\t\t<\/div>\n\t\t","protected":false},"excerpt":{"rendered":"<p>DOCUMENTS ON-LINE ALTA DE COL\u00b7LEGIAT PRE-COL\u00b7LEGIACI\u00d3 LINKCAMINOS DOCUMENTACI\u00d3 NECESS\u00c0RIA PER A LA COL\u00b7LEGIACI\u00d3 COL\u00b7LEGIACI\u00d3 DELS FUNCIONARIS QUOTES COL\u00b7LEGIACI\u00d3 DELS FUNCIONARIS Els Enginyers de Camins, Canals i Ports al servei de les administracions p\u00fabliques que exerceixen la professi\u00f3 tenen l\u2019obligaci\u00f3 de col\u00b7legiar-se. La Inspecci\u00f3 General de Foment i la Direcci\u00f3 General de Funci\u00f3 P\u00fablica confirmen que [&hellip;]<\/p>\n","protected":false},"author":1,"featured_media":0,"parent":0,"menu_order":0,"comment_status":"closed","ping_status":"closed","template":"elementor_header_footer","meta":{"footnotes":""},"class_list":["post-3329","page","type-page","status-publish","hentry"],"_links":{"self":[{"href":"https:\/\/caminsbalears.org\/ca\/wp-json\/wp\/v2\/pages\/3329","targetHints":{"allow":["GET"]}}],"collection":[{"href":"https:\/\/caminsbalears.org\/ca\/wp-json\/wp\/v2\/pages"}],"about":[{"href":"https:\/\/caminsbalears.org\/ca\/wp-json\/wp\/v2\/types\/page"}],"author":[{"embeddable":true,"href":"https:\/\/caminsbalears.org\/ca\/wp-json\/wp\/v2\/users\/1"}],"replies":[{"embeddable":true,"href":"https:\/\/caminsbalears.org\/ca\/wp-json\/wp\/v2\/comments?post=3329"}],"version-history":[{"count":12,"href":"https:\/\/caminsbalears.org\/ca\/wp-json\/wp\/v2\/pages\/3329\/revisions"}],"predecessor-version":[{"id":4513,"href":"https:\/\/caminsbalears.org\/ca\/wp-json\/wp\/v2\/pages\/3329\/revisions\/4513"}],"wp:attachment":[{"href":"https:\/\/caminsbalears.org\/ca\/wp-json\/wp\/v2\/media?parent=3329"}],"curies":[{"name":"wp","href":"https:\/\/api.w.org\/{rel}","templated":true}]}}