{"id":3325,"date":"2023-02-20T09:56:07","date_gmt":"2023-02-20T08:56:07","guid":{"rendered":"http:\/\/caminsbalears.org\/collegiacio\/"},"modified":"2026-01-22T11:19:13","modified_gmt":"2026-01-22T10:19:13","slug":"collegiacio","status":"publish","type":"page","link":"https:\/\/caminsbalears.org\/ca\/collegiacio\/","title":{"rendered":"Col\u00b7legiaci\u00f3"},"content":{"rendered":"\t\t<div data-elementor-type=\"wp-page\" data-elementor-id=\"3325\" class=\"elementor elementor-3325 elementor-2607\" data-elementor-post-type=\"page\">\n\t\t\t\t\t\t<section class=\"elementor-section elementor-top-section elementor-element elementor-element-3f52ac8c elementor-section-height-min-height elementor-section-boxed elementor-section-height-default elementor-section-items-middle\" data-id=\"3f52ac8c\" data-element_type=\"section\" data-settings=\"{&quot;background_background&quot;:&quot;classic&quot;,&quot;shape_divider_bottom&quot;:&quot;pyramids&quot;}\">\n\t\t\t\t\t<div class=\"elementor-shape elementor-shape-bottom\" aria-hidden=\"true\" data-negative=\"false\">\n\t\t\t<svg xmlns=\"http:\/\/www.w3.org\/2000\/svg\" viewBox=\"0 0 1000 100\" preserveAspectRatio=\"none\">\n\t<path class=\"elementor-shape-fill\" d=\"M761.9,44.1L643.1,27.2L333.8,98L0,3.8V0l1000,0v3.9\"\/>\n<\/svg>\t\t<\/div>\n\t\t\t\t\t<div class=\"elementor-container elementor-column-gap-wider\">\n\t\t\t\t\t<div class=\"elementor-column elementor-col-100 elementor-top-column elementor-element elementor-element-b635e05\" data-id=\"b635e05\" data-element_type=\"column\">\n\t\t\t<div class=\"elementor-widget-wrap elementor-element-populated\">\n\t\t\t\t\t\t<div class=\"elementor-element elementor-element-26080afb elementor-widget__width-auto elementor-view-default elementor-widget elementor-widget-icon\" data-id=\"26080afb\" data-element_type=\"widget\" data-widget_type=\"icon.default\">\n\t\t\t\t<div class=\"elementor-widget-container\">\n\t\t\t\t\t\t\t<div class=\"elementor-icon-wrapper\">\n\t\t\t<div class=\"elementor-icon\">\n\t\t\t<i aria-hidden=\"true\" class=\"fas fa-chevron-right\"><\/i>\t\t\t<\/div>\n\t\t<\/div>\n\t\t\t\t\t\t<\/div>\n\t\t\t\t<\/div>\n\t\t\t\t\t<\/div>\n\t\t<\/div>\n\t\t\t\t\t<\/div>\n\t\t<\/section>\n\t\t\t\t<section class=\"elementor-section elementor-top-section elementor-element elementor-element-2bd3b82d elementor-section-boxed elementor-section-height-default elementor-section-height-default\" data-id=\"2bd3b82d\" data-element_type=\"section\">\n\t\t\t\t\t\t<div class=\"elementor-container elementor-column-gap-wider\">\n\t\t\t\t\t<div class=\"elementor-column elementor-col-50 elementor-top-column elementor-element elementor-element-7973873d\" data-id=\"7973873d\" data-element_type=\"column\">\n\t\t\t<div class=\"elementor-widget-wrap elementor-element-populated\">\n\t\t\t\t\t\t<div class=\"elementor-element elementor-element-6fdefa07 elementor-align-start elementor-icon-list--layout-traditional elementor-list-item-link-full_width elementor-widget elementor-widget-icon-list\" data-id=\"6fdefa07\" data-element_type=\"widget\" data-widget_type=\"icon-list.default\">\n\t\t\t\t<div class=\"elementor-widget-container\">\n\t\t\t\t\t\t\t<ul class=\"elementor-icon-list-items\">\n\t\t\t\t\t\t\t<li class=\"elementor-icon-list-item\">\n\t\t\t\t\t\t\t\t\t\t<span class=\"elementor-icon-list-text\">DOCUMENTS ON-LINE<\/span>\n\t\t\t\t\t\t\t\t\t<\/li>\n\t\t\t\t\t\t\t\t<li class=\"elementor-icon-list-item\">\n\t\t\t\t\t\t\t\t\t\t\t<a href=\"https:\/\/www.colegiocaminos.es\/colegiate\" target=\"_blank\">\n\n\t\t\t\t\t\t\t\t\t\t\t\t<span class=\"elementor-icon-list-icon\">\n\t\t\t\t\t\t\t<i aria-hidden=\"true\" class=\"fas fa-square\"><\/i>\t\t\t\t\t\t<\/span>\n\t\t\t\t\t\t\t\t\t\t<span class=\"elementor-icon-list-text\"> ALTA DE COL\u00b7LEGIAT<\/span>\n\t\t\t\t\t\t\t\t\t\t\t<\/a>\n\t\t\t\t\t\t\t\t\t<\/li>\n\t\t\t\t\t\t\t\t<li class=\"elementor-icon-list-item\">\n\t\t\t\t\t\t\t\t\t\t\t<a href=\"https:\/\/www.colegiocaminos.es\/precolegiacion\" target=\"_blank\">\n\n\t\t\t\t\t\t\t\t\t\t\t\t<span class=\"elementor-icon-list-icon\">\n\t\t\t\t\t\t\t<i aria-hidden=\"true\" class=\"fas fa-square\"><\/i>\t\t\t\t\t\t<\/span>\n\t\t\t\t\t\t\t\t\t\t<span class=\"elementor-icon-list-text\">PRE-COL\u00b7LEGIACI\u00d3<\/span>\n\t\t\t\t\t\t\t\t\t\t\t<\/a>\n\t\t\t\t\t\t\t\t\t<\/li>\n\t\t\t\t\t\t\t\t<li class=\"elementor-icon-list-item\">\n\t\t\t\t\t\t\t\t\t\t\t<a href=\"https:\/\/www.colegiocaminos.es\/link-caminos\" target=\"_blank\">\n\n\t\t\t\t\t\t\t\t\t\t\t\t<span class=\"elementor-icon-list-icon\">\n\t\t\t\t\t\t\t<i aria-hidden=\"true\" class=\"fas fa-square\"><\/i>\t\t\t\t\t\t<\/span>\n\t\t\t\t\t\t\t\t\t\t<span class=\"elementor-icon-list-text\">LINKCAMINOS<\/span>\n\t\t\t\t\t\t\t\t\t\t\t<\/a>\n\t\t\t\t\t\t\t\t\t<\/li>\n\t\t\t\t\t\t\t\t<li class=\"elementor-icon-list-item\">\n\t\t\t\t\t\t\t\t\t\t<span class=\"elementor-icon-list-text\"><\/span>\n\t\t\t\t\t\t\t\t\t<\/li>\n\t\t\t\t\t\t\t\t<li class=\"elementor-icon-list-item\">\n\t\t\t\t\t\t\t\t\t\t\t<a href=\"http:\/\/caminsbalears.org\/ca\/documentacio-necessaria-per-a-la-col%c2%b7legiacio\/\" target=\"_blank\">\n\n\t\t\t\t\t\t\t\t\t\t\t<span class=\"elementor-icon-list-text\">DOCUMENTACI\u00d3 NECESS\u00c0RIA PER A LA COL\u00b7LEGIACI\u00d3<\/span>\n\t\t\t\t\t\t\t\t\t\t\t<\/a>\n\t\t\t\t\t\t\t\t\t<\/li>\n\t\t\t\t\t\t\t\t<li class=\"elementor-icon-list-item\">\n\t\t\t\t\t\t\t\t\t\t\t<a href=\"http:\/\/caminsbalears.org\/ca\/col%c2%b7legiacio-dels-funcionaris\/\" target=\"_blank\">\n\n\t\t\t\t\t\t\t\t\t\t\t<span class=\"elementor-icon-list-text\">COL\u00b7LEGIACI\u00d3 DELS FUNCIONARIS<\/span>\n\t\t\t\t\t\t\t\t\t\t\t<\/a>\n\t\t\t\t\t\t\t\t\t<\/li>\n\t\t\t\t\t\t\t\t<li class=\"elementor-icon-list-item\">\n\t\t\t\t\t\t\t\t\t\t\t<a href=\"http:\/\/caminsbalears.org\/ca\/quotes\/\" target=\"_blank\">\n\n\t\t\t\t\t\t\t\t\t\t\t<span class=\"elementor-icon-list-text\">QUOTES<\/span>\n\t\t\t\t\t\t\t\t\t\t\t<\/a>\n\t\t\t\t\t\t\t\t\t<\/li>\n\t\t\t\t\t\t\t\t<li class=\"elementor-icon-list-item\">\n\t\t\t\t\t\t\t\t\t\t<span class=\"elementor-icon-list-text\"><\/span>\n\t\t\t\t\t\t\t\t\t<\/li>\n\t\t\t\t\t\t<\/ul>\n\t\t\t\t\t\t<\/div>\n\t\t\t\t<\/div>\n\t\t\t\t\t<\/div>\n\t\t<\/div>\n\t\t\t\t<div class=\"elementor-column elementor-col-50 elementor-top-column elementor-element elementor-element-25e30fe4\" data-id=\"25e30fe4\" data-element_type=\"column\">\n\t\t\t<div class=\"elementor-widget-wrap elementor-element-populated\">\n\t\t\t\t\t\t<div class=\"elementor-element elementor-element-f8aca73 elementor-widget elementor-widget-heading\" data-id=\"f8aca73\" data-element_type=\"widget\" data-widget_type=\"heading.default\">\n\t\t\t\t<div class=\"elementor-widget-container\">\n\t\t\t\t\t<h5 class=\"elementor-heading-title elementor-size-default\">COL\u00b7LEGIACI\u00d3<\/h5>\t\t\t\t<\/div>\n\t\t\t\t<\/div>\n\t\t\t\t<div class=\"elementor-element elementor-element-257c18d6 elementor-widget elementor-widget-text-editor\" data-id=\"257c18d6\" data-element_type=\"widget\" data-widget_type=\"text-editor.default\">\n\t\t\t\t<div class=\"elementor-widget-container\">\n\t\t\t\t\t\t\t\t\t<p>A Espanya, l\u2019exercici de la professi\u00f3 d\u2019Enginyer de Camins, Canals i Ports exigeix \u200b\u200bestar col\u00b7legiat en el Col\u00b7legi d\u2019Enginyers de Camins, Canals i Ports.<\/p>\n<p>La professi\u00f3 d\u2019Enginyer de Camins, Canals i Ports \u00e9s l\u2019\u00fanica professi\u00f3 en la qual tots els seus professionals tenen una compet\u00e8ncia extensa i global en l\u2019\u00e0mbit de l\u2019enginyeria civil i de les obres p\u00fabliques. Altres professions tenen compet\u00e8ncies restringides a la seva especialitat o a treballs de menor envergadura o complexitat.<\/p>\n<h5>La col\u00b7legiaci\u00f3 atorga UNS DRETS i l\u2019acc\u00e9s a l\u2019area restringida de l\u2019escola.<\/h5>\n<p>La col\u00b7legiaci\u00f3 universal per a l\u2019exercici de la professi\u00f3 \u00e9s una garantia dels drets dels ciutadans, pel que fa assegura la submissi\u00f3 dels professionals al Codi Deontol\u00f2gic dels Enginyers de Camins Canals i Ports, a l\u2019ordenaci\u00f3 de la professi\u00f3 pel Col\u00b7legi i al seu potestat disciplin\u00e0ria en aplicaci\u00f3 del Codi Deontol\u00f2gic.<\/p>\n<h5>La col\u00b7legiaci\u00f3 obligat\u00f2ria deriva de les seg\u00fcents normes:<\/h5>\n<p>1. La Llei 2\/1974, de 13 de febrer, sobre Col\u00b7legis Professionals, en la redacci\u00f3 que en fa la Llei 25\/2009, estableix:<\/p>\n<p>\u201c3.2. Ser\u00e0 requisit indispensable per a l\u2019exercici de les professions estar incorporat al col\u00b7legi professional corresponent quan ho estableixi una llei estatal. \u2026] \u201d<\/p>\n<p>2. La Llei 25\/2009 de modificaci\u00f3 de diverses lleis per a la seva adaptaci\u00f3 a la Llei sobre el lliure acc\u00e9s a les activitats de serveis i el seu exercici (l\u2019anomenada Llei \u00d2mnibus) estableix el manteniment de les obligacions de col\u00b7legiaci\u00f3 vigents fins a l\u2019aprovaci\u00f3 d\u2019una nova llei que expressament ho reguli. Aix\u00ed estableix:<\/p>\n<p>\u201cDisposici\u00f3 Transit\u00f2ria quarta. Vig\u00e8ncia de les obligacions de col\u00b7legiaci\u00f3<\/p>\n<p>En el termini m\u00e0xim de dotze mesos des de l\u2019entrada en vigor d\u2019aquesta Llei, el Govern, pr\u00e8via consulta a les comunitats aut\u00f2nomes, ha de remetre a les Corts Generals un projecte de llei que determini les professions per a l\u2019exercici \u00e9s obligat\u00f2ria la col\u00b7legiaci\u00f3.<\/p>\n<p>Aquest Projecte haur\u00e0 de preveure la continu\u00eftat de l\u2019obligaci\u00f3 de col\u00b7legiaci\u00f3 en aquells casos i sup\u00f2sits d\u2019exercici en qu\u00e8 es fonamenti com a instrument eficient de control de l\u2019exercici professional per a la millor defensa dels destinataris dels serveis i en aquelles activitats en qu\u00e8 es puguin veure afectades, de manera greu i directa, mat\u00e8ries d\u2019especial inter\u00e8s p\u00fablic, com poden ser la protecci\u00f3 de la salut i de la integritat f\u00edsica o de la seguretat personal o jur\u00eddica de les persones f\u00edsiques.<\/p>\n<p>Fins a l\u2019entrada en vigor de l\u2019esmentada Llei, es mantenen les obligacions de col\u00b7legiaci\u00f3 vigents. \u201d<\/p>\n<p>3. Els Estatuts del Col\u00b7legi d\u2019Enginyers de Camins, Canals i Ports, aprovats el Reial Decret 1271\/2003 (BOE 22\/10\/2003), dictats a l\u2019empara de la Llei de Col\u00b7legis Professionals abans de la seva reforma, estableix, en el seu article 11, que \u201cSer\u00e0 requisit indispensable per a l\u2019exercici de la professi\u00f3 d\u2019Enginyer de Camins, Canals i Ports la incorporaci\u00f3 al Col\u00b7legi com a col\u00b7legiat\u201d.<\/p>\n<p>La col\u00b7legiaci\u00f3 obligat\u00f2ria \u00e9s universal sense distinci\u00f3 entre l\u2019exercici privat de la professi\u00f3 i el seu exercici al servei de les Administracions P\u00fabliques, per la qual cosa els funcionaris i empleats p\u00fablics estan obligats a col\u00b7legiar per a l\u2019exercici de la professi\u00f3. El Tribunal Constitucional en Sent\u00e8ncia de 2 de novembre de 2015 (i en les anteriors sent\u00e8ncies STC 3\/2013; 50\/2013; 123\/2013; 150\/2014, tamb\u00e9 adjuntes) ha establert que aquesta decisi\u00f3 \u00e9s compet\u00e8ncia del legislador estatal, que actualment mant\u00e9 les obligacions de col\u00b7legiaci\u00f3 obligat\u00f2ria vigents en el moment d\u2019aprovar la Llei 25\/2009, inclosa l\u2019obligaci\u00f3 per a l\u2019exercici de la professi\u00f3 d\u2019Enginyer de Camins, Canals i Ports.<\/p>\n<p>El t\u00edtol acad\u00e8mic d\u2019enginyer de Camins, Canals i Ports i el de M\u00e0ster habilitant en Enginyeria de Camins, Canals i Ports (segons ORDRE CIN 309\/2009) i la col\u00b7legiaci\u00f3 en el Col\u00b7legi d\u2019Enginyers de Camins, Canals i Ports habiliten per a l\u2019exercici de la professi\u00f3 regulada de la Enginyeria de Camins, Canals i Ports. A nivell europeu, aquest t\u00edtol t\u00e9 el m\u00e0xim nivell universitari de la Directiva 2005\/36 \/ CE, del Parlament Europeu i del Consell, de 7 de setembre de 2005 relativa a reconeixement de qualificacions professionals (art. 11.e) i del Reial Decret 1837\/2008 que la incorpora a l\u2019ordenament jur\u00eddic espanyol (art.19.5 i Annex VIII). T\u00e9 nivell de M\u00e0ster, nivell 3 MECES, i es correspon amb el nivell europeu juliol EQF.<\/p>\n<p>Tenen dret a incorporar-se al Col\u00b7legi tots aquells professionals que ho sol\u00b7licitin a la Junta de Govern, acreditant estar en possessi\u00f3 d\u2019algun dels seg\u00fcents t\u00edtols:<\/p>\n<p><strong>a) T\u00edtol acad\u00e8mic oficial d\u2019Enginyer de Camins, Canals i Ports expedit per qualsevol de les Escoles espanyoles reconegudes d\u2019Enginyers de Camins, Canals i Ports i el M\u00e0ster habilitant en Enginyeria de Camins, Canals i Ports (segons ORDRE CIN 309\/2009).<\/strong><\/p>\n<p><strong>b) T\u00edtol universitari estranger que hagi estat homologat oficialment per l\u2019Estat al t\u00edtol espanyol d\u2019Enginyer de Camins, Canals i Ports.<\/strong><\/p>\n<p><strong>c) T\u00edtol europeu universitari d\u2019enginyeria civil que hagi estat reconegut oficialment pel Ministeri de Foment, a efectes professionals, per l\u2019Estat espanyol, de conformitat amb el que estableix la Directiva 89\/48 \/ CEE, del Consell de les Comunitats Europees, o norma posterior en vigor.<\/strong><\/p>\n<hr>\n<p>La Col\u00b7legiaci\u00f3 <strong>es pot realitzar en qualsevol de les demarcacions del Col\u00b7legi<\/strong><\/p>\n\t\t\t\t\t\t\t\t<\/div>\n\t\t\t\t<\/div>\n\t\t\t\t\t<\/div>\n\t\t<\/div>\n\t\t\t\t\t<\/div>\n\t\t<\/section>\n\t\t\t\t<\/div>\n\t\t","protected":false},"excerpt":{"rendered":"<p>DOCUMENTS ON-LINE ALTA DE COL\u00b7LEGIAT PRE-COL\u00b7LEGIACI\u00d3 LINKCAMINOS DOCUMENTACI\u00d3 NECESS\u00c0RIA PER A LA COL\u00b7LEGIACI\u00d3 COL\u00b7LEGIACI\u00d3 DELS FUNCIONARIS QUOTES COL\u00b7LEGIACI\u00d3 A Espanya, l\u2019exercici de la professi\u00f3 d\u2019Enginyer de Camins, Canals i Ports exigeix \u200b\u200bestar col\u00b7legiat en el Col\u00b7legi d\u2019Enginyers de Camins, Canals i Ports. La professi\u00f3 d\u2019Enginyer de Camins, Canals i Ports \u00e9s l\u2019\u00fanica professi\u00f3 en la [&hellip;]<\/p>\n","protected":false},"author":1,"featured_media":0,"parent":0,"menu_order":0,"comment_status":"closed","ping_status":"closed","template":"elementor_header_footer","meta":{"footnotes":""},"class_list":["post-3325","page","type-page","status-publish","hentry"],"_links":{"self":[{"href":"https:\/\/caminsbalears.org\/ca\/wp-json\/wp\/v2\/pages\/3325","targetHints":{"allow":["GET"]}}],"collection":[{"href":"https:\/\/caminsbalears.org\/ca\/wp-json\/wp\/v2\/pages"}],"about":[{"href":"https:\/\/caminsbalears.org\/ca\/wp-json\/wp\/v2\/types\/page"}],"author":[{"embeddable":true,"href":"https:\/\/caminsbalears.org\/ca\/wp-json\/wp\/v2\/users\/1"}],"replies":[{"embeddable":true,"href":"https:\/\/caminsbalears.org\/ca\/wp-json\/wp\/v2\/comments?post=3325"}],"version-history":[{"count":16,"href":"https:\/\/caminsbalears.org\/ca\/wp-json\/wp\/v2\/pages\/3325\/revisions"}],"predecessor-version":[{"id":4516,"href":"https:\/\/caminsbalears.org\/ca\/wp-json\/wp\/v2\/pages\/3325\/revisions\/4516"}],"wp:attachment":[{"href":"https:\/\/caminsbalears.org\/ca\/wp-json\/wp\/v2\/media?parent=3325"}],"curies":[{"name":"wp","href":"https:\/\/api.w.org\/{rel}","templated":true}]}}